{"id":10287,"date":"2023-03-22T09:44:35","date_gmt":"2023-03-22T08:44:35","guid":{"rendered":"https:\/\/adice.asso.fr\/partenariat-de-cooperation\/"},"modified":"2026-08-18T17:03:59","modified_gmt":"2026-08-18T15:03:59","slug":"cooperation-partnerships","status":"publish","type":"page","link":"https:\/\/adice.asso.fr\/en\/cooperation\/cooperation-partnerships\/","title":{"rendered":"Cooperation partnerships"},"content":{"rendered":"<section class=\"not-prose relative overflow-hidden text-white bg-primary\" >\n\t<img decoding=\"async\" src=\"https:\/\/adice.asso.fr\/wp-content\/themes\/adice\/assets\/imgs\/bg_full_chemin_white.svg\" alt=\"\" class=\"pointer-events-none absolute inset-0 h-full w-full select-none object-cover object-bottom \" \/>\n\t<div class=\"relative mx-auto grid max-w-384 gap-12 px-6 py-16 md:grid-cols-2 md:items-center md:py-24\">\n\t\t<div>\n\t\t\t<h1 class=\"font-poppins text-3xl font-bold leading-tight md:text-4xl\">\n\t\t\t\t\t\t\t\t\t<span class=\"block text-white\">Cooperation<\/span>\n\t\t\t\t\t\t\t\t\t\t\t\t\t<span class=\"block text-ces\">partnership<\/span>\n\t\t\t\t\t\t\t<\/h1>\n\n\t\t\t\t\t\t\t<p class=\"mt-4 max-w-md font-opensans opacity-90\">ADICE works in collaboration with other European organisations through European projects. These collaborative partnerships primarily serve to enhance the association\u2019s educational support and the resources it uses with its participants.<\/p>\n\t\t\t\n\t\t\t<div class=\"mt-8 flex flex-wrap items-center gap-4\">\n\t\t\t\t\t\t\t\t\t\t\t<\/div>\n\t\t<\/div>\n\n\t\t<div class=\"grid grid-cols-2 gap-3 sm:gap-5\">\n                <div class=\"flex flex-col gap-3 sm:gap-5 pt-8 sm:pt-12\">\n                                    <img decoding=\"async\"\n                        src=\"https:\/\/adice.asso.fr\/wp-content\/uploads\/2025\/10\/1760629114418-768x432.jpg\" srcset=\"https:\/\/adice.asso.fr\/wp-content\/uploads\/2025\/10\/1760629114418-1024x576.jpg 1024w, https:\/\/adice.asso.fr\/wp-content\/uploads\/2025\/10\/1760629114418-500x281.jpg 500w, https:\/\/adice.asso.fr\/wp-content\/uploads\/2025\/10\/1760629114418-300x169.jpg 300w, https:\/\/adice.asso.fr\/wp-content\/uploads\/2025\/10\/1760629114418-768x432.jpg 768w, https:\/\/adice.asso.fr\/wp-content\/uploads\/2025\/10\/1760629114418-1536x864.jpg 1536w, https:\/\/adice.asso.fr\/wp-content\/uploads\/2025\/10\/1760629114418-1320x743.jpg 1320w, https:\/\/adice.asso.fr\/wp-content\/uploads\/2025\/10\/1760629114418.jpg 2048w\" sizes=\"(min-width: 768px) 22vw, 45vw\"                        alt=\"MindUp l&#039;\u00e9v\u00e9n\u00e9ment final du projet Erasmus+ MIND\"\n                        class=\"w-full rounded-2xl object-cover aspect-[4\/3]\"\n                        loading=\"lazy\"\n                    \/>\n                                    <img decoding=\"async\"\n                        src=\"https:\/\/adice.asso.fr\/wp-content\/uploads\/2026\/08\/IMG_3732-Avec-accentuation-Bruit-2-768x512.jpg\" srcset=\"https:\/\/adice.asso.fr\/wp-content\/uploads\/2026\/08\/IMG_3732-Avec-accentuation-Bruit-2-1024x683.jpg 1024w, https:\/\/adice.asso.fr\/wp-content\/uploads\/2026\/08\/IMG_3732-Avec-accentuation-Bruit-2-500x333.jpg 500w, https:\/\/adice.asso.fr\/wp-content\/uploads\/2026\/08\/IMG_3732-Avec-accentuation-Bruit-2-300x200.jpg 300w, https:\/\/adice.asso.fr\/wp-content\/uploads\/2026\/08\/IMG_3732-Avec-accentuation-Bruit-2-768x512.jpg 768w, https:\/\/adice.asso.fr\/wp-content\/uploads\/2026\/08\/IMG_3732-Avec-accentuation-Bruit-2-1536x1024.jpg 1536w, https:\/\/adice.asso.fr\/wp-content\/uploads\/2026\/08\/IMG_3732-Avec-accentuation-Bruit-2-2048x1365.jpg 2048w, https:\/\/adice.asso.fr\/wp-content\/uploads\/2026\/08\/IMG_3732-Avec-accentuation-Bruit-2-1320x880.jpg 1320w\" sizes=\"(min-width: 768px) 22vw, 45vw\"                        alt=\"\"\n                        class=\"w-full rounded-2xl object-cover aspect-[3\/4]\"\n                        loading=\"lazy\"\n                    \/>\n                            <\/div>\n                    <div class=\"flex flex-col gap-3 sm:gap-5 \">\n                                    <img decoding=\"async\"\n                        src=\"https:\/\/adice.asso.fr\/wp-content\/uploads\/2026\/08\/2-eGreen-16-768x512.jpg\" srcset=\"https:\/\/adice.asso.fr\/wp-content\/uploads\/2026\/08\/2-eGreen-16-1024x682.jpg 1024w, https:\/\/adice.asso.fr\/wp-content\/uploads\/2026\/08\/2-eGreen-16-500x333.jpg 500w, https:\/\/adice.asso.fr\/wp-content\/uploads\/2026\/08\/2-eGreen-16-300x200.jpg 300w, https:\/\/adice.asso.fr\/wp-content\/uploads\/2026\/08\/2-eGreen-16-768x512.jpg 768w, https:\/\/adice.asso.fr\/wp-content\/uploads\/2026\/08\/2-eGreen-16-1536x1024.jpg 1536w, https:\/\/adice.asso.fr\/wp-content\/uploads\/2026\/08\/2-eGreen-16-1320x880.jpg 1320w, https:\/\/adice.asso.fr\/wp-content\/uploads\/2026\/08\/2-eGreen-16.jpg 2000w\" sizes=\"(min-width: 768px) 22vw, 45vw\"                        alt=\"\"\n                        class=\"w-full rounded-2xl object-cover aspect-[3\/4]\"\n                        loading=\"lazy\"\n                    \/>\n                                    <img decoding=\"async\"\n                        src=\"https:\/\/adice.asso.fr\/wp-content\/uploads\/2024\/04\/WhatsApp-Image-2024-03-26-a-16.34.09_457d765e-768x576.jpg\" srcset=\"https:\/\/adice.asso.fr\/wp-content\/uploads\/2024\/04\/WhatsApp-Image-2024-03-26-a-16.34.09_457d765e-1024x768.jpg 1024w, https:\/\/adice.asso.fr\/wp-content\/uploads\/2024\/04\/WhatsApp-Image-2024-03-26-a-16.34.09_457d765e-500x375.jpg 500w, https:\/\/adice.asso.fr\/wp-content\/uploads\/2024\/04\/WhatsApp-Image-2024-03-26-a-16.34.09_457d765e-267x200.jpg 267w, https:\/\/adice.asso.fr\/wp-content\/uploads\/2024\/04\/WhatsApp-Image-2024-03-26-a-16.34.09_457d765e-768x576.jpg 768w, https:\/\/adice.asso.fr\/wp-content\/uploads\/2024\/04\/WhatsApp-Image-2024-03-26-a-16.34.09_457d765e-1536x1152.jpg 1536w, https:\/\/adice.asso.fr\/wp-content\/uploads\/2024\/04\/WhatsApp-Image-2024-03-26-a-16.34.09_457d765e-1320x990.jpg 1320w, https:\/\/adice.asso.fr\/wp-content\/uploads\/2024\/04\/WhatsApp-Image-2024-03-26-a-16.34.09_457d765e.jpg 2048w\" sizes=\"(min-width: 768px) 22vw, 45vw\"                        alt=\"Atelier r\u00e9seau 3E\"\n                        class=\"w-full rounded-2xl object-cover aspect-[4\/3]\"\n                        loading=\"lazy\"\n                    \/>\n                            <\/div>\n        <\/div>\n\t<\/div>\n<\/section>\n\n\n<section class=\"not-prose relative overflow-hidden py-12 md:pt-40 md:pb-56 text-primary-900 bg-white\" >\n\t\t<div class=\"relative mx-auto max-w-384 px-6\">\n\t\t\t\t\t<div class=\"grid gap-x-10 gap-y-8 [grid-template-areas:&#039;intro&#039;_&#039;items&#039;] md:grid-cols-[320px_1fr] md:items-start md:[grid-template-areas:&#039;intro_items&#039;]\">\n\t\t\t\t<div class=\"max-w-md [grid-area:intro]\">\n\t\t\t\t\t\t\t\t\t\t\t<p class=\"mb-2 font-opensans text-sm font-bold uppercase tracking-wide text-ces\">\u203a Key initiatives<\/p>\n\t\t\t\t\t\t\t\t\t\t\t\t\t\t\t\t<h2 class=\"font-poppins text-2xl font-bold md:text-3xl text-primary-900\">Our flagship projects<\/h2>\n\t\t\t\t\t\t\t\t\t\t\t\t\t\t\t\t<p class=\"mt-3 font-opensans opacity-80\">The projects cover a wide range of topics: mobility, training, digital technology, project management, skills assessment\u2026 They are therefore aimed at a wide range of stakeholders from various sectors, such as mobility, non-formal education, education and vocational training, etc.\n\nAll project outcomes are freely accessible and can be used by anyone. The projects cover a wide range of topics: mobility, training, digital technology, project management, skills assessment\u2026 They are therefore aimed at a wide range of stakeholders from various sectors, such as mobility, non-formal education, vocational education and training, etc.\n\nAll project outcomes are freely accessible and can be used by anyone.<\/p>\n\t\t\t\t\t\t\t\t\t\t\t\t\t\t<\/div>\n\t\t\t\t<div class=\"[grid-area:items]\">\n\t\t\t\t\t\t\t\t\t\t\t<div class=\"grid gap-6 sm:grid-cols-2 lg:grid-cols-3\">\n\t\t\t\t\t<article>\n\t<a href=\"https:\/\/adice.asso.fr\/en\/projects\/mind\/\" class=\"group flex h-full flex-col overflow-hidden rounded-lg border border-primary-100 bg-white transition hover:shadow-md translate-y-0 hover:-translate-y-1\">\n\t\t<div class=\"relative aspect-video overflow-hidden bg-white\">\n\t\t\t<span class=\"absolute left-1 top-1 z-10 rounded-sm bg-primary-50 px-2 py-1.5 font-opensans text-xs font-medium text-primary-800\">Projet<\/span>\n\t\t\t\t\t\t\t<img loading=\"lazy\" decoding=\"async\" width=\"500\" height=\"260\" src=\"https:\/\/adice.asso.fr\/wp-content\/uploads\/2023\/10\/MIND-Logo-color-500x260.png\" class=\"h-full w-full object-contain wp-post-image\" alt=\"\" srcset=\"https:\/\/adice.asso.fr\/wp-content\/uploads\/2023\/10\/MIND-Logo-color-500x260.png 500w, https:\/\/adice.asso.fr\/wp-content\/uploads\/2023\/10\/MIND-Logo-color-1024x532.png 1024w, https:\/\/adice.asso.fr\/wp-content\/uploads\/2023\/10\/MIND-Logo-color-300x156.png 300w, https:\/\/adice.asso.fr\/wp-content\/uploads\/2023\/10\/MIND-Logo-color-768x399.png 768w, https:\/\/adice.asso.fr\/wp-content\/uploads\/2023\/10\/MIND-Logo-color-1536x798.png 1536w, https:\/\/adice.asso.fr\/wp-content\/uploads\/2023\/10\/MIND-Logo-color-2048x1063.png 2048w, https:\/\/adice.asso.fr\/wp-content\/uploads\/2023\/10\/MIND-Logo-color-1320x685.png 1320w\" sizes=\"auto, (max-width: 500px) 100vw, 500px\" \/>\t\t\t\t\t<\/div>\n\t\t<div class=\"flex flex-1 flex-col p-4\">\n\t\t\t<h2 class=\"font-poppins text-base font-medium text-primary-900\">MIND<\/h2>\n\t\t\t\t\t\t\t<p class=\"mt-1 line-clamp-2 font-opensans text-sm text-primary-800\/70\">Le projet MIND vise \u00e0 renforcer la capacit\u00e9 des professionnels de l\u2019EFP \u00e0 mettre en \u0153uvre des meilleurs pratiques en mati\u00e8re de sant\u00e9 mentale et \u00e0 promouvoir le bien-\u00eatre socio \u00e9motionnel des apprenants de l\u2019EFP en mobilit\u00e9 internationale.<\/p>\n\t\t\t\t\t\t<div class=\"mt-2 flex flex-wrap gap-2\"><span class=\"rounded-sm px-2.5 pt-1 pb-0.5 font-opensans text-xs font-bold uppercase tracking-wide\" style=\"background-color:#f2a76326;color:#f2a763\">MIND<\/span><span class=\"rounded-sm border px-2.5 pt-1 pb-0.5 font-opensans text-xs font-bold uppercase tracking-wide\" style=\"border-color:#f2a763;color:#f2a763\">Education et Formation Professionnelle<\/span><span class=\"rounded-sm border px-2.5 pt-1 pb-0.5 font-opensans text-xs font-bold uppercase tracking-wide\" style=\"border-color:#f2a763;color:#f2a763\">Inclusion<\/span><span class=\"rounded-sm border px-2.5 pt-1 pb-0.5 font-opensans text-xs font-bold uppercase tracking-wide\" style=\"border-color:#f2a763;color:#f2a763\">Mental Health<\/span><\/div>\n\t\t<\/div>\n\t<\/a>\n<\/article>\n\t\t\t\t\t<article>\n\t<a href=\"https:\/\/adice.asso.fr\/en\/projects\/mentor\/\" class=\"group flex h-full flex-col overflow-hidden rounded-lg border border-primary-100 bg-white transition hover:shadow-md translate-y-0 hover:-translate-y-1\">\n\t\t<div class=\"relative aspect-video overflow-hidden bg-white\">\n\t\t\t<span class=\"absolute left-1 top-1 z-10 rounded-sm bg-primary-50 px-2 py-1.5 font-opensans text-xs font-medium text-primary-800\">Projet<\/span>\n\t\t\t\t\t\t\t<img loading=\"lazy\" decoding=\"async\" width=\"500\" height=\"282\" src=\"https:\/\/adice.asso.fr\/wp-content\/uploads\/2023\/04\/Mentor-500x282.png\" class=\"h-full w-full object-contain wp-post-image\" alt=\"Mentor\" srcset=\"https:\/\/adice.asso.fr\/wp-content\/uploads\/2023\/04\/Mentor-500x282.png 500w, https:\/\/adice.asso.fr\/wp-content\/uploads\/2023\/04\/Mentor-250x141.png 250w, https:\/\/adice.asso.fr\/wp-content\/uploads\/2023\/04\/Mentor.png 600w\" sizes=\"auto, (max-width: 500px) 100vw, 500px\" \/>\t\t\t\t\t<\/div>\n\t\t<div class=\"flex flex-1 flex-col p-4\">\n\t\t\t<h2 class=\"font-poppins text-base font-medium text-primary-900\">MENTOR<\/h2>\n\t\t\t\t\t\t\t<p class=\"mt-1 line-clamp-2 font-opensans text-sm text-primary-800\/70\">The aim of the MENTOR project is to strengthen the capacity of youth organisations by providing them with tools to facilitate the implementation of mentoring activities within their own activities.<\/p>\n\t\t\t\t\t\t<div class=\"mt-2 flex flex-wrap gap-2\"><span class=\"rounded-sm px-2.5 pt-1 pb-0.5 font-opensans text-xs font-bold uppercase tracking-wide\" style=\"background-color:#ad3e6726;color:#ad3e67\">MENTOR<\/span><span class=\"rounded-sm border px-2.5 pt-1 pb-0.5 font-opensans text-xs font-bold uppercase tracking-wide\" style=\"border-color:#ad3e67;color:#ad3e67\">Support<\/span><span class=\"rounded-sm border px-2.5 pt-1 pb-0.5 font-opensans text-xs font-bold uppercase tracking-wide\" style=\"border-color:#ad3e67;color:#ad3e67\">Training<\/span><span class=\"rounded-sm border px-2.5 pt-1 pb-0.5 font-opensans text-xs font-bold uppercase tracking-wide\" style=\"border-color:#ad3e67;color:#ad3e67\">Youth<\/span><\/div>\n\t\t<\/div>\n\t<\/a>\n<\/article>\n\t\t\t\t\t<article>\n\t<a href=\"https:\/\/adice.asso.fr\/en\/projects\/egreen\/\" class=\"group flex h-full flex-col overflow-hidden rounded-lg border border-primary-100 bg-white transition hover:shadow-md translate-y-0 hover:-translate-y-1\">\n\t\t<div class=\"relative aspect-video overflow-hidden bg-white\">\n\t\t\t<span class=\"absolute left-1 top-1 z-10 rounded-sm bg-primary-50 px-2 py-1.5 font-opensans text-xs font-medium text-primary-800\">Projet<\/span>\n\t\t\t\t\t\t\t<img loading=\"lazy\" decoding=\"async\" width=\"500\" height=\"283\" src=\"https:\/\/adice.asso.fr\/wp-content\/uploads\/2023\/03\/Sans-titre-1_Plan-de-travail-1-copie-5-500x283.png\" class=\"h-full w-full object-contain wp-post-image\" alt=\"\" srcset=\"https:\/\/adice.asso.fr\/wp-content\/uploads\/2023\/03\/Sans-titre-1_Plan-de-travail-1-copie-5-500x283.png 500w, https:\/\/adice.asso.fr\/wp-content\/uploads\/2023\/03\/Sans-titre-1_Plan-de-travail-1-copie-5-250x141.png 250w, https:\/\/adice.asso.fr\/wp-content\/uploads\/2023\/03\/Sans-titre-1_Plan-de-travail-1-copie-5.png 600w\" sizes=\"auto, (max-width: 500px) 100vw, 500px\" \/>\t\t\t\t\t<\/div>\n\t\t<div class=\"flex flex-1 flex-col p-4\">\n\t\t\t<h2 class=\"font-poppins text-base font-medium text-primary-900\">eGreen<\/h2>\n\t\t\t\t\t\t\t<p class=\"mt-1 line-clamp-2 font-opensans text-sm text-primary-800\/70\">Le projet Erasmus+ &quot;eGreen&quot; vise \u00e0 renforcer les capacit\u00e9s des apprenants et des organisations de l\u2019Enseignement et la Formation Professionnels (EFP). L\u2019objectif du projet est de permettre aux parties prenantes du secteur de l\u2019EFP d\u2019\u00e9valuer l\u2019impact sur l\u2019environnement de leurs pratiques num\u00e9riques et de leur donner les moyens de s\u2019engager vers une transition num\u00e9rique durable et inclusive.\u00a0<\/p>\n\t\t\t\t\t\t<div class=\"mt-2 flex flex-wrap gap-2\"><span class=\"rounded-sm px-2.5 pt-1 pb-0.5 font-opensans text-xs font-bold uppercase tracking-wide\" style=\"background-color:#006f4526;color:#006f45\">eGreen<\/span><span class=\"rounded-sm border px-2.5 pt-1 pb-0.5 font-opensans text-xs font-bold uppercase tracking-wide\" style=\"border-color:#006f45;color:#006f45\">Digital<\/span><span class=\"rounded-sm border px-2.5 pt-1 pb-0.5 font-opensans text-xs font-bold uppercase tracking-wide\" style=\"border-color:#006f45;color:#006f45\">VET<\/span><span class=\"rounded-sm border px-2.5 pt-1 pb-0.5 font-opensans text-xs font-bold uppercase tracking-wide\" style=\"border-color:#006f45;color:#006f45\">Environment<\/span><span class=\"rounded-sm border px-2.5 pt-1 pb-0.5 font-opensans text-xs font-bold uppercase tracking-wide\" style=\"border-color:#006f45;color:#006f45\">Hybrid mobility<\/span><\/div>\n\t\t<\/div>\n\t<\/a>\n<\/article>\n\t\t\t\t\t<article>\n\t<a href=\"https:\/\/adice.asso.fr\/en\/projects\/epassport\/\" class=\"group flex h-full flex-col overflow-hidden rounded-lg border border-primary-100 bg-white transition hover:shadow-md translate-y-0 hover:-translate-y-1\">\n\t\t<div class=\"relative aspect-video overflow-hidden bg-white\">\n\t\t\t<span class=\"absolute left-1 top-1 z-10 rounded-sm bg-primary-50 px-2 py-1.5 font-opensans text-xs font-medium text-primary-800\">Projet<\/span>\n\t\t\t\t\t\t\t<img loading=\"lazy\" decoding=\"async\" width=\"500\" height=\"282\" src=\"https:\/\/adice.asso.fr\/wp-content\/uploads\/2023\/03\/Sans-titre-1_Plan-de-travail-1-500x282.png\" class=\"h-full w-full object-contain wp-post-image\" alt=\"\" srcset=\"https:\/\/adice.asso.fr\/wp-content\/uploads\/2023\/03\/Sans-titre-1_Plan-de-travail-1-500x282.png 500w, https:\/\/adice.asso.fr\/wp-content\/uploads\/2023\/03\/Sans-titre-1_Plan-de-travail-1-250x141.png 250w, https:\/\/adice.asso.fr\/wp-content\/uploads\/2023\/03\/Sans-titre-1_Plan-de-travail-1.png 600w\" sizes=\"auto, (max-width: 500px) 100vw, 500px\" \/>\t\t\t\t\t<\/div>\n\t\t<div class=\"flex flex-1 flex-col p-4\">\n\t\t\t<h2 class=\"font-poppins text-base font-medium text-primary-900\">ePassport<\/h2>\n\t\t\t\t\t\t\t<p class=\"mt-1 line-clamp-2 font-opensans text-sm text-primary-800\/70\">The ePassport project aims to strengthen the capacities of organizations working in the field of vocational training and to improve their techniques and methods of preparation and online follow-up of participants in a hybrid and\/or virtual mobility project. The COVID19 crisis revealed that the majority of European organizations were not prepared to operate effectively without [&hellip;]<\/p>\n\t\t\t\t\t\t<div class=\"mt-2 flex flex-wrap gap-2\"><span class=\"rounded-sm px-2.5 pt-1 pb-0.5 font-opensans text-xs font-bold uppercase tracking-wide\" style=\"background-color:#0b2f6b26;color:#0b2f6b\">ePassport<\/span><span class=\"rounded-sm border px-2.5 pt-1 pb-0.5 font-opensans text-xs font-bold uppercase tracking-wide\" style=\"border-color:#0b2f6b;color:#0b2f6b\">Digital<\/span><span class=\"rounded-sm border px-2.5 pt-1 pb-0.5 font-opensans text-xs font-bold uppercase tracking-wide\" style=\"border-color:#0b2f6b;color:#0b2f6b\">VET<\/span><span class=\"rounded-sm border px-2.5 pt-1 pb-0.5 font-opensans text-xs font-bold uppercase tracking-wide\" style=\"border-color:#0b2f6b;color:#0b2f6b\">Hybrid mobility<\/span><\/div>\n\t\t<\/div>\n\t<\/a>\n<\/article>\n\t\t\t<\/div>\n\t\t\t\t<\/div>\n\t\t\t<\/div>\n\t\t\t<\/div>\n<\/section>\n\n\n<section class=\"not-prose relative overflow-hidden py-12 md:pt-40 md:pb-56 text-primary-900 bg-white\" >\n\t<div class=\"pointer-events-none absolute inset-0 opacity-20\" style=\"background-image:linear-gradient(#cbd5e1 1px,transparent 1px),linear-gradient(90deg,#cbd5e1 1px,transparent 1px);background-size:28px 28px;\"><\/div>\t<div class=\"relative mx-auto max-w-384 px-6\">\n\t\t\t\t\t<div class=\"mb-8 flex flex-wrap items-end justify-between gap-4\">\n\t\t\t\t<div>\n\t\t\t\t\t\t\t\t\t\t\t<p class=\"mb-2 font-opensans text-sm font-bold uppercase tracking-wide text-ces\">\u203a Publications<\/p>\n\t\t\t\t\t\t\t\t\t\t\t\t\t\t\t\t<h2 class=\"font-poppins text-2xl font-bold md:text-3xl text-primary-900\">Educational materials<\/h2>\n\t\t\t\t\t\t\t\t\t\t\t\t\t\t<\/div>\n\t\t\t\t\t\t\t\t\t<div class=\"flex items-center gap-3\">\n\t\t\t\t\t\t<a href=\"https:\/\/adice.asso.fr\/en\/publications\/\" class=\" inline-flex items-center justify-center rounded-full px-6 py-3 font-opensans font-medium text-nowrap text-center border border-primary text-primary hover:bg-primary-50 transition duration-100 hover:scale-[1.01] \">All publications<\/a>\t\t\t\t\t\t\t\t\t\t\t\t\t<div class=\"hidden sm:block\"><div class=\"flex shrink-0 items-center gap-2\"><button type=\"button\" aria-label=\"Previous\" onclick=\"this.closest('section').querySelector('.actualites-scroll-track').scrollBy({ left: -320, behavior: 'smooth' })\" class=\"flex h-12 w-12 items-center justify-center rounded-full border border-primary-500 transition border-primary text-primary hover:bg-primary-50\">\u2039<\/button><button type=\"button\" aria-label=\"Next\" onclick=\"this.closest('section').querySelector('.actualites-scroll-track').scrollBy({ left: 320, behavior: 'smooth' })\" class=\"flex h-12 w-12 items-center justify-center rounded-full border border-primary-500 transition border-primary text-primary hover:bg-primary-50\">\u203a<\/button><\/div><\/div>\n\t\t\t\t\t\t\t\t\t\t\t<\/div>\n\t\t\t\t\t\t\t<\/div>\n\n\t\t\t\t<div class=\"actualites-scroll-track flex gap-6 overflow-x-auto scroll-smooth scrollbar-none snap-x snap-mandatory pb-2 sm:pr-0 sm:-mr-6\">\n\t\t\t\t\t\t\t\t\t<div class=\"flex w-64 shrink-0 snap-start sm:w-72\">\n\t\t\t\t\t<article>\n\t<a href=\"https:\/\/adice.asso.fr\/en\/publications\/programme-de-formation-accompagnement-social\/\" class=\"group flex h-full flex-col overflow-hidden rounded-lg border border-primary-100 bg-white transition hover:shadow-md translate-y-0 hover:-translate-y-1\">\n\t\t<div class=\"relative aspect-video overflow-hidden bg-primary-50\">\n\t\t\t<span class=\"absolute left-1 top-1 z-10 rounded-sm bg-primary-50 px-2 py-1.5 font-opensans text-xs font-medium text-primary-800\">Publications<\/span>\n\t\t\t\t\t\t\t<img loading=\"lazy\" decoding=\"async\" width=\"354\" height=\"500\" src=\"https:\/\/adice.asso.fr\/wp-content\/uploads\/2025\/12\/Training-Curriculum-AND-Methodological-Training-Material_FR_Page_01-354x500.png\" class=\"h-full w-full object-contain wp-post-image\" alt=\"\" srcset=\"https:\/\/adice.asso.fr\/wp-content\/uploads\/2025\/12\/Training-Curriculum-AND-Methodological-Training-Material_FR_Page_01-354x500.png 354w, https:\/\/adice.asso.fr\/wp-content\/uploads\/2025\/12\/Training-Curriculum-AND-Methodological-Training-Material_FR_Page_01-725x1024.png 725w, https:\/\/adice.asso.fr\/wp-content\/uploads\/2025\/12\/Training-Curriculum-AND-Methodological-Training-Material_FR_Page_01-142x200.png 142w, https:\/\/adice.asso.fr\/wp-content\/uploads\/2025\/12\/Training-Curriculum-AND-Methodological-Training-Material_FR_Page_01-768x1085.png 768w, https:\/\/adice.asso.fr\/wp-content\/uploads\/2025\/12\/Training-Curriculum-AND-Methodological-Training-Material_FR_Page_01-1087x1536.png 1087w, https:\/\/adice.asso.fr\/wp-content\/uploads\/2025\/12\/Training-Curriculum-AND-Methodological-Training-Material_FR_Page_01.png 1241w\" sizes=\"auto, (max-width: 354px) 100vw, 354px\" \/>\t\t\t\t\t<\/div>\n\t\t<div class=\"flex flex-1 flex-col p-4\">\n\t\t\t<h2 class=\"font-poppins text-base font-medium text-primary-900\">Training Curriculum: Social Assistance<\/h2>\n\t\t\t\t\t\t<div class=\"mt-2 flex flex-wrap gap-2\"><span class=\"rounded-sm px-2.5 pt-1 pb-0.5 font-opensans text-xs font-bold uppercase tracking-wide\" style=\"background-color:#1b496526;color:#1b4965\">Caring Compass<\/span><span class=\"rounded-sm border px-2.5 pt-1 pb-0.5 font-opensans text-xs font-bold uppercase tracking-wide\" style=\"border-color:#1b4965;color:#1b4965\">Support<\/span><span class=\"rounded-sm border px-2.5 pt-1 pb-0.5 font-opensans text-xs font-bold uppercase tracking-wide\" style=\"border-color:#1b4965;color:#1b4965\">Competences<\/span><span class=\"rounded-sm border px-2.5 pt-1 pb-0.5 font-opensans text-xs font-bold uppercase tracking-wide\" style=\"border-color:#1b4965;color:#1b4965\">Training<\/span><\/div>\n\t\t<\/div>\n\t<\/a>\n<\/article>\n\t\t\t\t<\/div>\n\t\t\t\t\t\t\t\t\t\t\t\t<div class=\"flex w-64 shrink-0 snap-start sm:w-72\">\n\t\t\t\t\t<article>\n\t<a href=\"https:\/\/adice.asso.fr\/en\/publications\/narrative-game-an-introduction-to-mental-health\/\" class=\"group flex h-full flex-col overflow-hidden rounded-lg border border-primary-100 bg-white transition hover:shadow-md translate-y-0 hover:-translate-y-1\">\n\t\t<div class=\"relative aspect-video overflow-hidden bg-primary-50\">\n\t\t\t<span class=\"absolute left-1 top-1 z-10 rounded-sm bg-primary-50 px-2 py-1.5 font-opensans text-xs font-medium text-primary-800\">Publications<\/span>\n\t\t\t\t\t\t\t<img loading=\"lazy\" decoding=\"async\" width=\"500\" height=\"295\" src=\"https:\/\/adice.asso.fr\/wp-content\/uploads\/2025\/10\/Capture-decran-2025-10-24-124535-500x295.png\" class=\"h-full w-full object-contain wp-post-image\" alt=\"MIND\" srcset=\"https:\/\/adice.asso.fr\/wp-content\/uploads\/2025\/10\/Capture-decran-2025-10-24-124535-500x295.png 500w, https:\/\/adice.asso.fr\/wp-content\/uploads\/2025\/10\/Capture-decran-2025-10-24-124535-1024x604.png 1024w, https:\/\/adice.asso.fr\/wp-content\/uploads\/2025\/10\/Capture-decran-2025-10-24-124535-300x177.png 300w, https:\/\/adice.asso.fr\/wp-content\/uploads\/2025\/10\/Capture-decran-2025-10-24-124535-768x453.png 768w, https:\/\/adice.asso.fr\/wp-content\/uploads\/2025\/10\/Capture-decran-2025-10-24-124535-1320x779.png 1320w, https:\/\/adice.asso.fr\/wp-content\/uploads\/2025\/10\/Capture-decran-2025-10-24-124535.png 1422w\" sizes=\"auto, (max-width: 500px) 100vw, 500px\" \/>\t\t\t\t\t<\/div>\n\t\t<div class=\"flex flex-1 flex-col p-4\">\n\t\t\t<h2 class=\"font-poppins text-base font-medium text-primary-900\">Narrative game: an introduction to mental health<\/h2>\n\t\t\t\t\t\t<div class=\"mt-2 flex flex-wrap gap-2\"><span class=\"rounded-sm px-2.5 pt-1 pb-0.5 font-opensans text-xs font-bold uppercase tracking-wide\" style=\"background-color:#f2a76326;color:#f2a763\">MIND<\/span><span class=\"rounded-sm border px-2.5 pt-1 pb-0.5 font-opensans text-xs font-bold uppercase tracking-wide\" style=\"border-color:#f2a763;color:#f2a763\">Youth<\/span><span class=\"rounded-sm border px-2.5 pt-1 pb-0.5 font-opensans text-xs font-bold uppercase tracking-wide\" style=\"border-color:#f2a763;color:#f2a763\">Mental Health<\/span><\/div>\n\t\t<\/div>\n\t<\/a>\n<\/article>\n\t\t\t\t<\/div>\n\t\t\t\t\t\t\t\t\t\t\t\t<div class=\"flex w-64 shrink-0 snap-start sm:w-72\">\n\t\t\t\t\t<article>\n\t<a href=\"https:\/\/adice.asso.fr\/en\/publications\/training-kit-lets-talk-about-mental-health\/\" class=\"group flex h-full flex-col overflow-hidden rounded-lg border border-primary-100 bg-white transition hover:shadow-md translate-y-0 hover:-translate-y-1\">\n\t\t<div class=\"relative aspect-video overflow-hidden bg-primary-50\">\n\t\t\t<span class=\"absolute left-1 top-1 z-10 rounded-sm bg-primary-50 px-2 py-1.5 font-opensans text-xs font-medium text-primary-800\">Publications<\/span>\n\t\t\t\t\t\t\t<img loading=\"lazy\" decoding=\"async\" width=\"352\" height=\"500\" src=\"https:\/\/adice.asso.fr\/wp-content\/uploads\/2025\/10\/Capture-decran-2025-10-06-173334-352x500.png\" class=\"h-full w-full object-contain wp-post-image\" alt=\"\" srcset=\"https:\/\/adice.asso.fr\/wp-content\/uploads\/2025\/10\/Capture-decran-2025-10-06-173334-352x500.png 352w, https:\/\/adice.asso.fr\/wp-content\/uploads\/2025\/10\/Capture-decran-2025-10-06-173334-722x1024.png 722w, https:\/\/adice.asso.fr\/wp-content\/uploads\/2025\/10\/Capture-decran-2025-10-06-173334-141x200.png 141w, https:\/\/adice.asso.fr\/wp-content\/uploads\/2025\/10\/Capture-decran-2025-10-06-173334-768x1090.png 768w, https:\/\/adice.asso.fr\/wp-content\/uploads\/2025\/10\/Capture-decran-2025-10-06-173334-1083x1536.png 1083w, https:\/\/adice.asso.fr\/wp-content\/uploads\/2025\/10\/Capture-decran-2025-10-06-173334.png 1110w\" sizes=\"auto, (max-width: 352px) 100vw, 352px\" \/>\t\t\t\t\t<\/div>\n\t\t<div class=\"flex flex-1 flex-col p-4\">\n\t\t\t<h2 class=\"font-poppins text-base font-medium text-primary-900\">Training Kit &#8211; Let&#8217;s talk about mental health<\/h2>\n\t\t\t\t\t\t<div class=\"mt-2 flex flex-wrap gap-2\"><span class=\"rounded-sm px-2.5 pt-1 pb-0.5 font-opensans text-xs font-bold uppercase tracking-wide\" style=\"background-color:#f2a76326;color:#f2a763\">MIND<\/span><span class=\"rounded-sm border px-2.5 pt-1 pb-0.5 font-opensans text-xs font-bold uppercase tracking-wide\" style=\"border-color:#f2a763;color:#f2a763\">VET<\/span><span class=\"rounded-sm border px-2.5 pt-1 pb-0.5 font-opensans text-xs font-bold uppercase tracking-wide\" style=\"border-color:#f2a763;color:#f2a763\">Training<\/span><span class=\"rounded-sm border px-2.5 pt-1 pb-0.5 font-opensans text-xs font-bold uppercase tracking-wide\" style=\"border-color:#f2a763;color:#f2a763\">Youth<\/span><span class=\"rounded-sm border px-2.5 pt-1 pb-0.5 font-opensans text-xs font-bold uppercase tracking-wide\" style=\"border-color:#f2a763;color:#f2a763\">Mental Health<\/span><\/div>\n\t\t<\/div>\n\t<\/a>\n<\/article>\n\t\t\t\t<\/div>\n\t\t\t\t\t\t\t\t\t\t\t\t<div class=\"flex w-64 shrink-0 snap-start sm:w-72\">\n\t\t\t\t\t<article>\n\t<a href=\"https:\/\/adice.asso.fr\/en\/publications\/listen-five-principles-to-strengthen-youth-participation\/\" class=\"group flex h-full flex-col overflow-hidden rounded-lg border border-primary-100 bg-white transition hover:shadow-md translate-y-0 hover:-translate-y-1\">\n\t\t<div class=\"relative aspect-video overflow-hidden bg-primary-50\">\n\t\t\t<span class=\"absolute left-1 top-1 z-10 rounded-sm bg-primary-50 px-2 py-1.5 font-opensans text-xs font-medium text-primary-800\">Publications<\/span>\n\t\t\t\t\t\t\t<img loading=\"lazy\" decoding=\"async\" width=\"500\" height=\"313\" src=\"https:\/\/adice.asso.fr\/wp-content\/uploads\/2025\/05\/Capture-decran-2025-05-13-124512-500x313.png\" class=\"h-full w-full object-contain wp-post-image\" alt=\"\" srcset=\"https:\/\/adice.asso.fr\/wp-content\/uploads\/2025\/05\/Capture-decran-2025-05-13-124512-500x313.png 500w, https:\/\/adice.asso.fr\/wp-content\/uploads\/2025\/05\/Capture-decran-2025-05-13-124512-300x188.png 300w, https:\/\/adice.asso.fr\/wp-content\/uploads\/2025\/05\/Capture-decran-2025-05-13-124512-768x481.png 768w, https:\/\/adice.asso.fr\/wp-content\/uploads\/2025\/05\/Capture-decran-2025-05-13-124512.png 818w\" sizes=\"auto, (max-width: 500px) 100vw, 500px\" \/>\t\t\t\t\t<\/div>\n\t\t<div class=\"flex flex-1 flex-col p-4\">\n\t\t\t<h2 class=\"font-poppins text-base font-medium text-primary-900\">LISTEN: Five principles to strengthen youth participation<\/h2>\n\t\t\t\t\t\t<div class=\"mt-2 flex flex-wrap gap-2\"><span class=\"rounded-sm px-2.5 pt-1 pb-0.5 font-opensans text-xs font-bold uppercase tracking-wide\" style=\"background-color:#00339926;color:#003399\">LISTEN<\/span><span class=\"rounded-sm border px-2.5 pt-1 pb-0.5 font-opensans text-xs font-bold uppercase tracking-wide\" style=\"border-color:#003399;color:#003399\">Youth<\/span><span class=\"rounded-sm border px-2.5 pt-1 pb-0.5 font-opensans text-xs font-bold uppercase tracking-wide\" style=\"border-color:#003399;color:#003399\">Participation<\/span><\/div>\n\t\t<\/div>\n\t<\/a>\n<\/article>\n\t\t\t\t<\/div>\n\t\t\t\t\t\t\t\t\t\t\t\t<div class=\"flex w-64 shrink-0 snap-start sm:w-72\">\n\t\t\t\t\t<article>\n\t<a href=\"https:\/\/adice.asso.fr\/en\/publications\/etude-autonomie-des-personnes-de-soutien-dans-la-sphere-sociale\/\" class=\"group flex h-full flex-col overflow-hidden rounded-lg border border-primary-100 bg-white transition hover:shadow-md translate-y-0 hover:-translate-y-1\">\n\t\t<div class=\"relative aspect-video overflow-hidden bg-primary-50\">\n\t\t\t<span class=\"absolute left-1 top-1 z-10 rounded-sm bg-primary-50 px-2 py-1.5 font-opensans text-xs font-medium text-primary-800\">Publications<\/span>\n\t\t\t\t\t\t\t<img loading=\"lazy\" decoding=\"async\" width=\"354\" height=\"500\" src=\"https:\/\/adice.asso.fr\/wp-content\/uploads\/2025\/06\/CaringCompass_EtudeTransnationale_Complete_Page_01-354x500.png\" class=\"h-full w-full object-contain wp-post-image\" alt=\"Caring compass \u00e9tude\" srcset=\"https:\/\/adice.asso.fr\/wp-content\/uploads\/2025\/06\/CaringCompass_EtudeTransnationale_Complete_Page_01-354x500.png 354w, https:\/\/adice.asso.fr\/wp-content\/uploads\/2025\/06\/CaringCompass_EtudeTransnationale_Complete_Page_01-725x1024.png 725w, https:\/\/adice.asso.fr\/wp-content\/uploads\/2025\/06\/CaringCompass_EtudeTransnationale_Complete_Page_01-142x200.png 142w, https:\/\/adice.asso.fr\/wp-content\/uploads\/2025\/06\/CaringCompass_EtudeTransnationale_Complete_Page_01-768x1085.png 768w, https:\/\/adice.asso.fr\/wp-content\/uploads\/2025\/06\/CaringCompass_EtudeTransnationale_Complete_Page_01-1087x1536.png 1087w, https:\/\/adice.asso.fr\/wp-content\/uploads\/2025\/06\/CaringCompass_EtudeTransnationale_Complete_Page_01.png 1241w\" sizes=\"auto, (max-width: 354px) 100vw, 354px\" \/>\t\t\t\t\t<\/div>\n\t\t<div class=\"flex flex-1 flex-col p-4\">\n\t\t\t<h2 class=\"font-poppins text-base font-medium text-primary-900\">Study : Empowering Support Persons in Social Sphere<\/h2>\n\t\t\t\t\t\t<div class=\"mt-2 flex flex-wrap gap-2\"><span class=\"rounded-sm px-2.5 pt-1 pb-0.5 font-opensans text-xs font-bold uppercase tracking-wide\" style=\"background-color:#1b496526;color:#1b4965\">Caring Compass<\/span><span class=\"rounded-sm border px-2.5 pt-1 pb-0.5 font-opensans text-xs font-bold uppercase tracking-wide\" style=\"border-color:#1b4965;color:#1b4965\">Study<\/span><span class=\"rounded-sm border px-2.5 pt-1 pb-0.5 font-opensans text-xs font-bold uppercase tracking-wide\" style=\"border-color:#1b4965;color:#1b4965\">Support Person<\/span><\/div>\n\t\t<\/div>\n\t<\/a>\n<\/article>\n\t\t\t\t<\/div>\n\t\t\t\t\t\t\t\t\t\t\t\t<div class=\"flex w-64 shrink-0 snap-start sm:w-72\">\n\t\t\t\t\t<article>\n\t<a href=\"https:\/\/adice.asso.fr\/en\/publications\/carnet-de-bord-faciliter-et-accompagner-la-relation-mentor-mentore\/\" class=\"group flex h-full flex-col overflow-hidden rounded-lg border border-primary-100 bg-white transition hover:shadow-md translate-y-0 hover:-translate-y-1\">\n\t\t<div class=\"relative aspect-video overflow-hidden bg-primary-50\">\n\t\t\t<span class=\"absolute left-1 top-1 z-10 rounded-sm bg-primary-50 px-2 py-1.5 font-opensans text-xs font-medium text-primary-800\">Publications<\/span>\n\t\t\t\t\t\t\t<img loading=\"lazy\" decoding=\"async\" width=\"500\" height=\"500\" src=\"https:\/\/adice.asso.fr\/wp-content\/uploads\/2025\/05\/492shots_so-500x500.png\" class=\"h-full w-full object-contain wp-post-image\" alt=\"Outil interactif mentorat\" srcset=\"https:\/\/adice.asso.fr\/wp-content\/uploads\/2025\/05\/492shots_so-500x500.png 500w, https:\/\/adice.asso.fr\/wp-content\/uploads\/2025\/05\/492shots_so-1024x1024.png 1024w, https:\/\/adice.asso.fr\/wp-content\/uploads\/2025\/05\/492shots_so-200x200.png 200w, https:\/\/adice.asso.fr\/wp-content\/uploads\/2025\/05\/492shots_so-768x769.png 768w, https:\/\/adice.asso.fr\/wp-content\/uploads\/2025\/05\/492shots_so-300x300.png 300w, https:\/\/adice.asso.fr\/wp-content\/uploads\/2025\/05\/492shots_so-400x400.png 400w, https:\/\/adice.asso.fr\/wp-content\/uploads\/2025\/05\/492shots_so-600x600.png 600w, https:\/\/adice.asso.fr\/wp-content\/uploads\/2025\/05\/492shots_so-1320x1322.png 1320w, https:\/\/adice.asso.fr\/wp-content\/uploads\/2025\/05\/492shots_so.png 1396w\" sizes=\"auto, (max-width: 500px) 100vw, 500px\" \/>\t\t\t\t\t<\/div>\n\t\t<div class=\"flex flex-1 flex-col p-4\">\n\t\t\t<h2 class=\"font-poppins text-base font-medium text-primary-900\">Logbook: Facilitating and supporting the mentor\/mentee relationship<\/h2>\n\t\t\t\t\t\t<div class=\"mt-2 flex flex-wrap gap-2\"><span class=\"rounded-sm px-2.5 pt-1 pb-0.5 font-opensans text-xs font-bold uppercase tracking-wide\" style=\"background-color:#ad3e6726;color:#ad3e67\">MENTOR<\/span><span class=\"rounded-sm border px-2.5 pt-1 pb-0.5 font-opensans text-xs font-bold uppercase tracking-wide\" style=\"border-color:#ad3e67;color:#ad3e67\">Support<\/span><span class=\"rounded-sm border px-2.5 pt-1 pb-0.5 font-opensans text-xs font-bold uppercase tracking-wide\" style=\"border-color:#ad3e67;color:#ad3e67\">Mentoring<\/span><\/div>\n\t\t<\/div>\n\t<\/a>\n<\/article>\n\t\t\t\t<\/div>\n\t\t\t\t\t\t<\/div>\n\t\t\t<\/div>\n<\/section>\n\n\n<section class=\"not-prose relative overflow-hidden py-12 md:pt-40 md:pb-56 text-primary-900 bg-white\" >\n\t<img decoding=\"async\" src=\"https:\/\/adice.asso.fr\/wp-content\/themes\/adice\/assets\/imgs\/bg_chemin_blue.svg\" alt=\"\" class=\"pointer-events-none absolute inset-0 h-full w-full select-none object-cover object-bottom \" \/>\t<div class=\"relative mx-auto max-w-384 px-6\">\n\t\t\t\t\t<div class=\"grid gap-x-10 gap-y-8 [grid-template-areas:&#039;intro&#039;_&#039;items&#039;] md:grid-cols-[320px_1fr] md:items-start md:[grid-template-areas:&#039;intro_items&#039;]\">\n\t\t\t\t<div class=\"max-w-md [grid-area:intro]\">\n\t\t\t\t\t\t\t\t\t\t\t<p class=\"mb-2 font-opensans text-sm font-bold uppercase tracking-wide text-ces\">\u203a News<\/p>\n\t\t\t\t\t\t\t\t\t\t\t\t\t\t\t\t<h2 class=\"font-poppins text-2xl font-bold md:text-3xl text-primary-900\">Latest news<\/h2>\n\t\t\t\t\t\t\t\t\t\t\t\t\t\t\t\t\t\t\t<\/div>\n\t\t\t\t<div class=\"[grid-area:items]\">\n\t\t\t\t\t\t\t\t\t\t\t<div class=\"grid gap-6 sm:grid-cols-2 lg:grid-cols-3\">\n\t\t\t\t\t<article>\n\t<a href=\"https:\/\/adice.asso.fr\/en\/actualites\/cooperation\/projets-europeens\/closing-of-the-mind-project-promoting-mental-health-in-vet-sector\/\" class=\"group flex h-full flex-col overflow-hidden rounded-lg border border-primary-100 bg-white transition hover:shadow-md translate-y-0 hover:-translate-y-1\">\n\t\t<div class=\"relative aspect-video overflow-hidden bg-primary-50\">\n\t\t\t<span class=\"absolute left-1 top-1 z-10 rounded-sm bg-primary-50 px-2 py-1.5 font-opensans text-xs font-medium text-primary-800\">Article<\/span>\n\t\t\t\t\t\t\t<img loading=\"lazy\" decoding=\"async\" width=\"500\" height=\"260\" src=\"https:\/\/adice.asso.fr\/wp-content\/uploads\/2023\/10\/MIND-Logo-color-500x260.png\" class=\"h-full w-full object-cover wp-post-image\" alt=\"\" srcset=\"https:\/\/adice.asso.fr\/wp-content\/uploads\/2023\/10\/MIND-Logo-color-500x260.png 500w, https:\/\/adice.asso.fr\/wp-content\/uploads\/2023\/10\/MIND-Logo-color-1024x532.png 1024w, https:\/\/adice.asso.fr\/wp-content\/uploads\/2023\/10\/MIND-Logo-color-300x156.png 300w, https:\/\/adice.asso.fr\/wp-content\/uploads\/2023\/10\/MIND-Logo-color-768x399.png 768w, https:\/\/adice.asso.fr\/wp-content\/uploads\/2023\/10\/MIND-Logo-color-1536x798.png 1536w, https:\/\/adice.asso.fr\/wp-content\/uploads\/2023\/10\/MIND-Logo-color-2048x1063.png 2048w, https:\/\/adice.asso.fr\/wp-content\/uploads\/2023\/10\/MIND-Logo-color-1320x685.png 1320w\" sizes=\"auto, (max-width: 500px) 100vw, 500px\" \/>\t\t\t\t\t<\/div>\n\t\t<div class=\"flex flex-1 flex-col p-4\">\n\t\t\t<h2 class=\"font-poppins text-base font-medium text-primary-900\">Closing of the MIND project: promoting mental health in VET sector<\/h2>\n\t\t\t\t\t\t<div class=\"mt-2 flex flex-wrap gap-2\"><span class=\"rounded-sm px-2.5 pt-1 pb-0.5 font-opensans text-xs font-bold uppercase tracking-wide\" style=\"background-color:#f2a76326;color:#f2a763\">MIND<\/span><span class=\"rounded-sm border px-2.5 pt-1 pb-0.5 font-opensans text-xs font-bold uppercase tracking-wide\" style=\"border-color:#f2a763;color:#f2a763\">European Projects<\/span><span class=\"rounded-sm border px-2.5 pt-1 pb-0.5 font-opensans text-xs font-bold uppercase tracking-wide\" style=\"border-color:#f2a763;color:#f2a763\">20 October 2025<\/span><\/div>\n\t\t<\/div>\n\t<\/a>\n<\/article>\n\t\t\t\t\t<article>\n\t<a href=\"https:\/\/adice.asso.fr\/en\/actualites\/cooperation\/projets-europeens\/du-mentorat-informel-au-programme-structure-comment-professionnaliser-laccompagnement\/\" class=\"group flex h-full flex-col overflow-hidden rounded-lg border border-primary-100 bg-white transition hover:shadow-md translate-y-0 hover:-translate-y-1\">\n\t\t<div class=\"relative aspect-video overflow-hidden bg-primary-50\">\n\t\t\t<span class=\"absolute left-1 top-1 z-10 rounded-sm bg-primary-50 px-2 py-1.5 font-opensans text-xs font-medium text-primary-800\">Article<\/span>\n\t\t\t\t\t\t\t<img loading=\"lazy\" decoding=\"async\" width=\"500\" height=\"333\" src=\"https:\/\/adice.asso.fr\/wp-content\/uploads\/2025\/03\/pexels-karolina-grabowska-6954779-500x333.jpg\" class=\"h-full w-full object-cover wp-post-image\" alt=\"Photo d&#039;illustration\" srcset=\"https:\/\/adice.asso.fr\/wp-content\/uploads\/2025\/03\/pexels-karolina-grabowska-6954779-500x333.jpg 500w, https:\/\/adice.asso.fr\/wp-content\/uploads\/2025\/03\/pexels-karolina-grabowska-6954779-1024x683.jpg 1024w, https:\/\/adice.asso.fr\/wp-content\/uploads\/2025\/03\/pexels-karolina-grabowska-6954779-300x200.jpg 300w, https:\/\/adice.asso.fr\/wp-content\/uploads\/2025\/03\/pexels-karolina-grabowska-6954779-768x512.jpg 768w, https:\/\/adice.asso.fr\/wp-content\/uploads\/2025\/03\/pexels-karolina-grabowska-6954779.jpg 1279w\" sizes=\"auto, (max-width: 500px) 100vw, 500px\" \/>\t\t\t\t\t<\/div>\n\t\t<div class=\"flex flex-1 flex-col p-4\">\n\t\t\t<h2 class=\"font-poppins text-base font-medium text-primary-900\">From informal mentoring to a structured program: how to professionalise support?<\/h2>\n\t\t\t\t\t\t<div class=\"mt-2 flex flex-wrap gap-2\"><span class=\"rounded-sm px-2.5 pt-1 pb-0.5 font-opensans text-xs font-bold uppercase tracking-wide\" style=\"background-color:#ad3e6726;color:#ad3e67\">MENTOR<\/span><span class=\"rounded-sm border px-2.5 pt-1 pb-0.5 font-opensans text-xs font-bold uppercase tracking-wide\" style=\"border-color:#ad3e67;color:#ad3e67\">European Projects<\/span><span class=\"rounded-sm border px-2.5 pt-1 pb-0.5 font-opensans text-xs font-bold uppercase tracking-wide\" style=\"border-color:#ad3e67;color:#ad3e67\">05 March 2025<\/span><\/div>\n\t\t<\/div>\n\t<\/a>\n<\/article>\n\t\t\t\t\t<article>\n\t<a href=\"https:\/\/adice.asso.fr\/en\/actualites\/cooperation\/projets-europeens\/pourquoi-la-sante-mentale-des-jeunes-est-elle-une-priorite-nationale\/\" class=\"group flex h-full flex-col overflow-hidden rounded-lg border border-primary-100 bg-white transition hover:shadow-md translate-y-0 hover:-translate-y-1\">\n\t\t<div class=\"relative aspect-video overflow-hidden bg-primary-50\">\n\t\t\t<span class=\"absolute left-1 top-1 z-10 rounded-sm bg-primary-50 px-2 py-1.5 font-opensans text-xs font-medium text-primary-800\">Article<\/span>\n\t\t\t\t\t\t\t<img loading=\"lazy\" decoding=\"async\" width=\"500\" height=\"333\" src=\"https:\/\/adice.asso.fr\/wp-content\/uploads\/2025\/03\/pexels-mart-production-7278844-500x333.jpg\" class=\"h-full w-full object-cover wp-post-image\" alt=\"Un jeune assi la t\u00eate dans les mains\" srcset=\"https:\/\/adice.asso.fr\/wp-content\/uploads\/2025\/03\/pexels-mart-production-7278844-500x333.jpg 500w, https:\/\/adice.asso.fr\/wp-content\/uploads\/2025\/03\/pexels-mart-production-7278844-1024x683.jpg 1024w, https:\/\/adice.asso.fr\/wp-content\/uploads\/2025\/03\/pexels-mart-production-7278844-300x200.jpg 300w, https:\/\/adice.asso.fr\/wp-content\/uploads\/2025\/03\/pexels-mart-production-7278844-768x512.jpg 768w, https:\/\/adice.asso.fr\/wp-content\/uploads\/2025\/03\/pexels-mart-production-7278844.jpg 1279w\" sizes=\"auto, (max-width: 500px) 100vw, 500px\" \/>\t\t\t\t\t<\/div>\n\t\t<div class=\"flex flex-1 flex-col p-4\">\n\t\t\t<h2 class=\"font-poppins text-base font-medium text-primary-900\">Why is youth mental health a national priority?<\/h2>\n\t\t\t\t\t\t<div class=\"mt-2 flex flex-wrap gap-2\"><span class=\"rounded-sm px-2.5 pt-1 pb-0.5 font-opensans text-xs font-bold uppercase tracking-wide\" style=\"background-color:#f2a76326;color:#f2a763\">MIND<\/span><span class=\"rounded-sm border px-2.5 pt-1 pb-0.5 font-opensans text-xs font-bold uppercase tracking-wide\" style=\"border-color:#f2a763;color:#f2a763\">European Projects<\/span><span class=\"rounded-sm border px-2.5 pt-1 pb-0.5 font-opensans text-xs font-bold uppercase tracking-wide\" style=\"border-color:#f2a763;color:#f2a763\">03 March 2025<\/span><\/div>\n\t\t<\/div>\n\t<\/a>\n<\/article>\n\t\t\t<\/div>\n\t\t\t\t<\/div>\n\t\t\t<\/div>\n\t\t\t<\/div>\n<\/section>\n\n\n<section class=\"not-prose relative overflow-hidden py-12 md:pt-40 md:pb-56 text-primary-900 bg-surface\" >\n\t\t<div class=\"relative mx-auto max-w-384 px-6\">\n\t\t\t\t\t<div class=\"mb-8 flex flex-wrap items-end justify-between gap-4\">\n\t\t\t\t<div>\n\t\t\t\t\t\t\t\t\t\t\t<p class=\"mb-2 font-opensans text-sm font-bold uppercase tracking-wide text-ces\">\u203a And also<\/p>\n\t\t\t\t\t\t\t\t\t\t\t\t\t\t\t\t<h2 class=\"font-poppins text-2xl font-bold md:text-3xl text-primary-900\">All the initiatives<\/h2>\n\t\t\t\t\t\t\t\t\t\t\t\t\t\t<\/div>\n\t\t\t\t\t\t\t<\/div>\n\n\t\t\t\t<div class=\"grid gap-6 sm:grid-cols-2 lg:grid-cols-3\">\n\t\t\t\t\t<article>\n\t<a href=\"https:\/\/adice.asso.fr\/en\/projects\/caring-compass\/\" class=\"group flex h-full flex-col overflow-hidden rounded-lg border border-primary-100 bg-white transition hover:shadow-md translate-y-0 hover:-translate-y-1\">\n\t\t<div class=\"relative aspect-video overflow-hidden bg-white\">\n\t\t\t<span class=\"absolute left-1 top-1 z-10 rounded-sm bg-primary-50 px-2 py-1.5 font-opensans text-xs font-medium text-primary-800\">Projet<\/span>\n\t\t\t\t\t\t\t<img loading=\"lazy\" decoding=\"async\" width=\"500\" height=\"199\" src=\"https:\/\/adice.asso.fr\/wp-content\/uploads\/2025\/04\/Couleurs-500x199.png\" class=\"h-full w-full object-contain wp-post-image\" alt=\"Logo Caring compass\" srcset=\"https:\/\/adice.asso.fr\/wp-content\/uploads\/2025\/04\/Couleurs-500x199.png 500w, https:\/\/adice.asso.fr\/wp-content\/uploads\/2025\/04\/Couleurs-1024x408.png 1024w, https:\/\/adice.asso.fr\/wp-content\/uploads\/2025\/04\/Couleurs-300x120.png 300w, https:\/\/adice.asso.fr\/wp-content\/uploads\/2025\/04\/Couleurs-768x306.png 768w, https:\/\/adice.asso.fr\/wp-content\/uploads\/2025\/04\/Couleurs.png 1200w\" sizes=\"auto, (max-width: 500px) 100vw, 500px\" \/>\t\t\t\t\t<\/div>\n\t\t<div class=\"flex flex-1 flex-col p-4\">\n\t\t\t<h2 class=\"font-poppins text-base font-medium text-primary-900\">Caring Compass<\/h2>\n\t\t\t\t\t\t\t<p class=\"mt-1 line-clamp-2 font-opensans text-sm text-primary-800\/70\">Support workers play a vital role in assisting vulnerable groups in Europe, including migrants, refugees, people with disabilities, and individuals facing social or economic barriers. The Caring Compass project aims to better understand their needs, promote their role, and provide them with practical tools to strengthen their autonomy and effectiveness in the field.<\/p>\n\t\t\t\t\t\t<div class=\"mt-2 flex flex-wrap gap-2\"><span class=\"rounded-sm px-2.5 pt-1 pb-0.5 font-opensans text-xs font-bold uppercase tracking-wide\" style=\"background-color:#1b496526;color:#1b4965\">Caring Compass<\/span><span class=\"rounded-sm border px-2.5 pt-1 pb-0.5 font-opensans text-xs font-bold uppercase tracking-wide\" style=\"border-color:#1b4965;color:#1b4965\">Support<\/span><span class=\"rounded-sm border px-2.5 pt-1 pb-0.5 font-opensans text-xs font-bold uppercase tracking-wide\" style=\"border-color:#1b4965;color:#1b4965\">Social<\/span><span class=\"rounded-sm border px-2.5 pt-1 pb-0.5 font-opensans text-xs font-bold uppercase tracking-wide\" style=\"border-color:#1b4965;color:#1b4965\">Support<\/span><\/div>\n\t\t<\/div>\n\t<\/a>\n<\/article>\n\t\t\t\t\t<article>\n\t<a href=\"https:\/\/adice.asso.fr\/en\/projects\/edigo\/\" class=\"group flex h-full flex-col overflow-hidden rounded-lg border border-primary-100 bg-white transition hover:shadow-md translate-y-0 hover:-translate-y-1\">\n\t\t<div class=\"relative aspect-video overflow-hidden bg-white\">\n\t\t\t<span class=\"absolute left-1 top-1 z-10 rounded-sm bg-primary-50 px-2 py-1.5 font-opensans text-xs font-medium text-primary-800\">Projet<\/span>\n\t\t\t\t\t\t\t<img loading=\"lazy\" decoding=\"async\" width=\"500\" height=\"282\" src=\"https:\/\/adice.asso.fr\/wp-content\/uploads\/2023\/07\/EDI-GO-500x282.png\" class=\"h-full w-full object-contain wp-post-image\" alt=\"Logo EDI GO\" srcset=\"https:\/\/adice.asso.fr\/wp-content\/uploads\/2023\/07\/EDI-GO-500x282.png 500w, https:\/\/adice.asso.fr\/wp-content\/uploads\/2023\/07\/EDI-GO-250x141.png 250w, https:\/\/adice.asso.fr\/wp-content\/uploads\/2023\/07\/EDI-GO.png 600w\" sizes=\"auto, (max-width: 500px) 100vw, 500px\" \/>\t\t\t\t\t<\/div>\n\t\t<div class=\"flex flex-1 flex-col p-4\">\n\t\t\t<h2 class=\"font-poppins text-base font-medium text-primary-900\">EDI GO<\/h2>\n\t\t\t\t\t\t\t<p class=\"mt-1 line-clamp-2 font-opensans text-sm text-primary-800\/70\">The EDI GO project aim to reinforce the youth organisations by helping them to improve their practices in equality, diversity and inclusion by using a whole-organizational approach.<\/p>\n\t\t\t\t\t\t<div class=\"mt-2 flex flex-wrap gap-2\"><span class=\"rounded-sm px-2.5 pt-1 pb-0.5 font-opensans text-xs font-bold uppercase tracking-wide\" style=\"background-color:#e7216626;color:#e72166\">EDI GO<\/span><span class=\"rounded-sm border px-2.5 pt-1 pb-0.5 font-opensans text-xs font-bold uppercase tracking-wide\" style=\"border-color:#e72166;color:#e72166\">Diversity<\/span><span class=\"rounded-sm border px-2.5 pt-1 pb-0.5 font-opensans text-xs font-bold uppercase tracking-wide\" style=\"border-color:#e72166;color:#e72166\">Inclusion<\/span><span class=\"rounded-sm border px-2.5 pt-1 pb-0.5 font-opensans text-xs font-bold uppercase tracking-wide\" style=\"border-color:#e72166;color:#e72166\">Youth<\/span><\/div>\n\t\t<\/div>\n\t<\/a>\n<\/article>\n\t\t\t\t\t<article>\n\t<a href=\"https:\/\/adice.asso.fr\/en\/projects\/digital-wise\/\" class=\"group flex h-full flex-col overflow-hidden rounded-lg border border-primary-100 bg-white transition hover:shadow-md translate-y-0 hover:-translate-y-1\">\n\t\t<div class=\"relative aspect-video overflow-hidden bg-white\">\n\t\t\t<span class=\"absolute left-1 top-1 z-10 rounded-sm bg-primary-50 px-2 py-1.5 font-opensans text-xs font-medium text-primary-800\">Projet<\/span>\n\t\t\t\t\t\t\t<img loading=\"lazy\" decoding=\"async\" width=\"500\" height=\"282\" src=\"https:\/\/adice.asso.fr\/wp-content\/uploads\/2023\/06\/DWi-500x282.png\" class=\"h-full w-full object-contain wp-post-image\" alt=\"Digital Wise\" srcset=\"https:\/\/adice.asso.fr\/wp-content\/uploads\/2023\/06\/DWi-500x282.png 500w, https:\/\/adice.asso.fr\/wp-content\/uploads\/2023\/06\/DWi-250x141.png 250w, https:\/\/adice.asso.fr\/wp-content\/uploads\/2023\/06\/DWi.png 600w\" sizes=\"auto, (max-width: 500px) 100vw, 500px\" \/>\t\t\t\t\t<\/div>\n\t\t<div class=\"flex flex-1 flex-col p-4\">\n\t\t\t<h2 class=\"font-poppins text-base font-medium text-primary-900\">Digital Wise<\/h2>\n\t\t\t\t\t\t\t<p class=\"mt-1 line-clamp-2 font-opensans text-sm text-primary-800\/70\">Le projet Digital Wise a pour objectif de faciliter l&#039;inclusion sociale des jeunes par le biais de la num\u00e9risation et de la ma\u00eetrise de l&#039;information num\u00e9rique.<\/p>\n\t\t\t\t\t\t<div class=\"mt-2 flex flex-wrap gap-2\"><span class=\"rounded-sm px-2.5 pt-1 pb-0.5 font-opensans text-xs font-bold uppercase tracking-wide\" style=\"background-color:#e75a6026;color:#e75a60\">Digital Wise<\/span><span class=\"rounded-sm border px-2.5 pt-1 pb-0.5 font-opensans text-xs font-bold uppercase tracking-wide\" style=\"border-color:#e75a60;color:#e75a60\">Competencies<\/span><span class=\"rounded-sm border px-2.5 pt-1 pb-0.5 font-opensans text-xs font-bold uppercase tracking-wide\" style=\"border-color:#e75a60;color:#e75a60\">Digital<\/span><span class=\"rounded-sm border px-2.5 pt-1 pb-0.5 font-opensans text-xs font-bold uppercase tracking-wide\" style=\"border-color:#e75a60;color:#e75a60\">Employability<\/span><span class=\"rounded-sm border px-2.5 pt-1 pb-0.5 font-opensans text-xs font-bold uppercase tracking-wide\" style=\"border-color:#e75a60;color:#e75a60\">Youth<\/span><\/div>\n\t\t<\/div>\n\t<\/a>\n<\/article>\n\t\t\t\t\t<article>\n\t<a href=\"https:\/\/adice.asso.fr\/en\/projects\/mobility\/\" class=\"group flex h-full flex-col overflow-hidden rounded-lg border border-primary-100 bg-white transition hover:shadow-md translate-y-0 hover:-translate-y-1\">\n\t\t<div class=\"relative aspect-video overflow-hidden bg-white\">\n\t\t\t<span class=\"absolute left-1 top-1 z-10 rounded-sm bg-primary-50 px-2 py-1.5 font-opensans text-xs font-medium text-primary-800\">Projet<\/span>\n\t\t\t\t\t\t\t<img loading=\"lazy\" decoding=\"async\" width=\"500\" height=\"283\" src=\"https:\/\/adice.asso.fr\/wp-content\/uploads\/2023\/03\/Sans-titre-1_Plan-de-travail-1-copie-3-500x283.png\" class=\"h-full w-full object-contain wp-post-image\" alt=\"\" srcset=\"https:\/\/adice.asso.fr\/wp-content\/uploads\/2023\/03\/Sans-titre-1_Plan-de-travail-1-copie-3-500x283.png 500w, https:\/\/adice.asso.fr\/wp-content\/uploads\/2023\/03\/Sans-titre-1_Plan-de-travail-1-copie-3-250x141.png 250w, https:\/\/adice.asso.fr\/wp-content\/uploads\/2023\/03\/Sans-titre-1_Plan-de-travail-1-copie-3.png 600w\" sizes=\"auto, (max-width: 500px) 100vw, 500px\" \/>\t\t\t\t\t<\/div>\n\t\t<div class=\"flex flex-1 flex-col p-4\">\n\t\t\t<h2 class=\"font-poppins text-base font-medium text-primary-900\">Mobility+<\/h2>\n\t\t\t\t\t\t\t<p class=\"mt-1 line-clamp-2 font-opensans text-sm text-primary-800\/70\">The aim of the MOBILITY+ project is to build tools that enable adult education workers to raise awareness and help their beneficiaries to participate in mobility projects. It also aims to adapt the tools so that they can be used by adult education structures not only in the partner countries but also throughout Europe.<\/p>\n\t\t\t\t\t\t<div class=\"mt-2 flex flex-wrap gap-2\"><span class=\"rounded-sm px-2.5 pt-1 pb-0.5 font-opensans text-xs font-bold uppercase tracking-wide\" style=\"background-color:#23abdd26;color:#23abdd\">Mobility+<\/span><span class=\"rounded-sm border px-2.5 pt-1 pb-0.5 font-opensans text-xs font-bold uppercase tracking-wide\" style=\"border-color:#23abdd;color:#23abdd\">Competencies<\/span><span class=\"rounded-sm border px-2.5 pt-1 pb-0.5 font-opensans text-xs font-bold uppercase tracking-wide\" style=\"border-color:#23abdd;color:#23abdd\">Mobility<\/span><\/div>\n\t\t<\/div>\n\t<\/a>\n<\/article>\n\t\t\t<\/div>\n\t\t\t<\/div>\n<\/section>\n","protected":false},"excerpt":{"rendered":"","protected":false},"author":7,"featured_media":10739,"parent":10308,"menu_order":47,"comment_status":"closed","ping_status":"closed","template":"","meta":{"_acf_changed":false,"_locale":"en_GB","_original_post":"https:\/\/adice.asso.fr\/?page_id=10269","footnotes":""},"class_list":["post-10287","page","type-page","status-publish","has-post-thumbnail","hentry","en-GB"],"acf":[],"_links":{"self":[{"href":"https:\/\/adice.asso.fr\/wp-json\/wp\/v2\/pages\/10287","targetHints":{"allow":["GET"]}}],"collection":[{"href":"https:\/\/adice.asso.fr\/wp-json\/wp\/v2\/pages"}],"about":[{"href":"https:\/\/adice.asso.fr\/wp-json\/wp\/v2\/types\/page"}],"author":[{"embeddable":true,"href":"https:\/\/adice.asso.fr\/wp-json\/wp\/v2\/users\/7"}],"replies":[{"embeddable":true,"href":"https:\/\/adice.asso.fr\/wp-json\/wp\/v2\/comments?post=10287"}],"version-history":[{"count":7,"href":"https:\/\/adice.asso.fr\/wp-json\/wp\/v2\/pages\/10287\/revisions"}],"predecessor-version":[{"id":15888,"href":"https:\/\/adice.asso.fr\/wp-json\/wp\/v2\/pages\/10287\/revisions\/15888"}],"up":[{"embeddable":true,"href":"https:\/\/adice.asso.fr\/wp-json\/wp\/v2\/pages\/10308"}],"wp:featuredmedia":[{"embeddable":true,"href":"https:\/\/adice.asso.fr\/wp-json\/wp\/v2\/media\/10739"}],"wp:attachment":[{"href":"https:\/\/adice.asso.fr\/wp-json\/wp\/v2\/media?parent=10287"}],"curies":[{"name":"wp","href":"https:\/\/api.w.org\/{rel}","templated":true}]}}