{"id":10804,"date":"2023-03-21T16:54:22","date_gmt":"2023-03-21T15:54:22","guid":{"rendered":"https:\/\/adice.asso.fr\/about\/accreditations-et-partenaires\/"},"modified":"2026-08-17T17:13:18","modified_gmt":"2026-08-17T15:13:18","slug":"accreditations-and-partners","status":"publish","type":"page","link":"https:\/\/adice.asso.fr\/en\/about\/accreditations-and-partners\/","title":{"rendered":"Accreditations and partners"},"content":{"rendered":"<section class=\"not-prose relative overflow-hidden py-12 md:py-52 text-primary-900 bg-surface-blue\" >\n\t\t<div class=\"relative mx-auto max-w-384 px-6\">\n\t\t\t\t\t<div class=\"grid gap-x-10 gap-y-8 [grid-template-areas:&#039;intro&#039;_&#039;cards&#039;_&#039;buttons&#039;] md:grid-cols-[320px_1fr] md:items-start md:[grid-template-areas:&#039;intro_cards&#039;_&#039;buttons_cards&#039;]\">\n\t\t\t\t\t\t\t\t\t<div class=\"max-w-md [grid-area:intro]\">\n\t\t\t\t\t\t\t\t\t\t\t\t\t<p class=\"mb-2 font-opensans text-sm font-bold uppercase tracking-wide text-ces\">\u203a Acknowledgements<\/p>\n\t\t\t\t\t\t\t\t\t\t\t\t\t\t\t\t\t\t\t<h2 class=\"font-poppins text-2xl font-bold md:text-3xl text-primary-900\">Certifications and approvals<\/h2>\n\t\t\t\t\t\t\t\t\t\t\t\t\t\t\t\t\t\t\t<p class=\"mt-3 font-opensans opacity-80\">ADICE is recognised as an organisation active in the fields of youth, education and international mobility. It is also recognised as a training organisation. It holds the following accreditations.<\/p>\n\t\t\t\t\t\t\t\t\t\t\t<\/div>\n\t\t\t\t\n\t\t\t\t\t\t\t\t\t<div class=\"[grid-area:cards]\">\t<div class=\"grid gap-6 grid-cols-2 sm:grid-cols-3 lg:grid-cols-4\">\n\t\t\t\t\t<div\n\t\t\t\tclass=\"flex flex-col overflow-hidden rounded-lg bg-white border border-primary-100\"\n\t\t\t\t\t\t\t>\n\t\t\t\t\t\t\t\t\t<img decoding=\"async\" src=\"https:\/\/adice.asso.fr\/wp-content\/uploads\/2023\/03\/ErasmusLogo.png\" srcset=\"https:\/\/adice.asso.fr\/wp-content\/uploads\/2023\/03\/ErasmusLogo.png 600w, https:\/\/adice.asso.fr\/wp-content\/uploads\/2023\/03\/ErasmusLogo-500x500.png 500w, https:\/\/adice.asso.fr\/wp-content\/uploads\/2023\/03\/ErasmusLogo-250x250.png 250w\" sizes=\"(min-width: 1024px) 25vw, (min-width: 640px) 50vw, 100vw\" alt=\"\" class=\"aspect-16\/10 w-full object-cover\" loading=\"lazy\" \/>\n\t\t\t\t\n\t\t\t\t<div class=\"flex flex-1 flex-col p-6\">\n\t\t\t\t\t\t\t\t\t\t\t<div class=\"mb-3 flex flex-wrap gap-2\">\n\t\t\t\t\t\t\t\t\t\t\t\t\t\t<span class=\"rounded-sm border px-2.5 pt-1 pb-0.5 font-opensans text-xs font-bold uppercase tracking-wide border-primary text-primary\">2021-2027<\/span>\t\t\t\t\t\t<\/div>\n\t\t\t\t\t\n\t\t\t\t\t\n\t\t\t\t\t\t\t\t\t\t\t<p class=\"mt-2 font-opensans text-sm text-primary-800\/70\">Certification dans le cadre du programme europ\u00e9en \u00c9ducation et Formation pour les stages Enseignements et formation professionnels<\/p>\n\t\t\t\t\t\n\t\t\t\t\t<div class=\"mt-4\">\n\t\t\t\t\t\t\t\t\t\t\t\t\t\t\t\t\t\t\t\t\t\t\t\t<\/div>\n\t\t\t\t<\/div>\n\t\t\t<\/div>\n\t\t\t\t\t<div\n\t\t\t\tclass=\"flex flex-col overflow-hidden rounded-lg bg-white border border-primary-100\"\n\t\t\t\t\t\t\t>\n\t\t\t\t\t\t\t\t\t<img decoding=\"async\" src=\"https:\/\/adice.asso.fr\/wp-content\/uploads\/2023\/03\/ServiceCivique.png\" srcset=\"https:\/\/adice.asso.fr\/wp-content\/uploads\/2023\/03\/ServiceCivique.png 500w, https:\/\/adice.asso.fr\/wp-content\/uploads\/2023\/03\/ServiceCivique-250x250.png 250w\" sizes=\"(min-width: 1024px) 25vw, (min-width: 640px) 50vw, 100vw\" alt=\"Service Civique ADICE\" class=\"aspect-16\/10 w-full object-cover\" loading=\"lazy\" \/>\n\t\t\t\t\n\t\t\t\t<div class=\"flex flex-1 flex-col p-6\">\n\t\t\t\t\t\t\t\t\t\t\t<div class=\"mb-3 flex flex-wrap gap-2\">\n\t\t\t\t\t\t\t\t\t\t\t\t\t\t<span class=\"rounded-sm border px-2.5 pt-1 pb-0.5 font-opensans text-xs font-bold uppercase tracking-wide border-primary text-primary\">2024-2027<\/span>\t\t\t\t\t\t<\/div>\n\t\t\t\t\t\n\t\t\t\t\t\n\t\t\t\t\t\t\t\t\t\t\t<p class=\"mt-2 font-opensans text-sm text-primary-800\/70\">Agr\u00e9ment National Service Civique<\/p>\n\t\t\t\t\t\n\t\t\t\t\t<div class=\"mt-4\">\n\t\t\t\t\t\t\t\t\t\t\t\t\t\t\t\t\t\t\t\t\t\t\t\t<\/div>\n\t\t\t\t<\/div>\n\t\t\t<\/div>\n\t\t\t\t\t<div\n\t\t\t\tclass=\"flex flex-col overflow-hidden rounded-lg bg-white border border-primary-100\"\n\t\t\t\t\t\t\t>\n\t\t\t\t\t\t\t\t\t<img decoding=\"async\" src=\"https:\/\/adice.asso.fr\/wp-content\/uploads\/2023\/03\/CES.png\" srcset=\"https:\/\/adice.asso.fr\/wp-content\/uploads\/2023\/03\/CES.png 500w, https:\/\/adice.asso.fr\/wp-content\/uploads\/2023\/03\/CES-250x250.png 250w\" sizes=\"(min-width: 1024px) 25vw, (min-width: 640px) 50vw, 100vw\" alt=\"Volontariat Europ\u00e9en CES\" class=\"aspect-16\/10 w-full object-cover\" loading=\"lazy\" \/>\n\t\t\t\t\n\t\t\t\t<div class=\"flex flex-1 flex-col p-6\">\n\t\t\t\t\t\t\t\t\t\t\t<div class=\"mb-3 flex flex-wrap gap-2\">\n\t\t\t\t\t\t\t\t\t\t\t\t\t\t<span class=\"rounded-sm border px-2.5 pt-1 pb-0.5 font-opensans text-xs font-bold uppercase tracking-wide border-primary text-primary\">2021-2027<\/span>\t\t\t\t\t\t<\/div>\n\t\t\t\t\t\n\t\t\t\t\t\n\t\t\t\t\t\t\t\t\t\t\t<p class=\"mt-2 font-opensans text-sm text-primary-800\/70\">Label de qualit\u00e9 Lead et Soutien : Corps Europ\u00e9en de solidarit\u00e9 Volet Solidarit\u00e9<\/p>\n\t\t\t\t\t\n\t\t\t\t\t<div class=\"mt-4\">\n\t\t\t\t\t\t\t\t\t\t\t\t\t\t\t\t\t\t\t\t\t\t\t\t<\/div>\n\t\t\t\t<\/div>\n\t\t\t<\/div>\n\t\t\t\t\t<div\n\t\t\t\tclass=\"flex flex-col overflow-hidden rounded-lg bg-white border border-primary-100\"\n\t\t\t\t\t\t\t>\n\t\t\t\t\t\t\t\t\t<img decoding=\"async\" src=\"https:\/\/adice.asso.fr\/wp-content\/uploads\/2023\/03\/CES.png\" srcset=\"https:\/\/adice.asso.fr\/wp-content\/uploads\/2023\/03\/CES.png 500w, https:\/\/adice.asso.fr\/wp-content\/uploads\/2023\/03\/CES-250x250.png 250w\" sizes=\"(min-width: 1024px) 25vw, (min-width: 640px) 50vw, 100vw\" alt=\"Volontariat Europ\u00e9en CES\" class=\"aspect-16\/10 w-full object-cover\" loading=\"lazy\" \/>\n\t\t\t\t\n\t\t\t\t<div class=\"flex flex-1 flex-col p-6\">\n\t\t\t\t\t\t\t\t\t\t\t<div class=\"mb-3 flex flex-wrap gap-2\">\n\t\t\t\t\t\t\t\t\t\t\t\t\t\t<span class=\"rounded-sm border px-2.5 pt-1 pb-0.5 font-opensans text-xs font-bold uppercase tracking-wide border-primary text-primary\">2021-2027<\/span>\t\t\t\t\t\t<\/div>\n\t\t\t\t\t\n\t\t\t\t\t\n\t\t\t\t\t\t\t\t\t\t\t<p class=\"mt-2 font-opensans text-sm text-primary-800\/70\">Label de qualit\u00e9 Lead : Corps Europ\u00e9en de solidarit\u00e9 Volet Aide Humanitaire<\/p>\n\t\t\t\t\t\n\t\t\t\t\t<div class=\"mt-4\">\n\t\t\t\t\t\t\t\t\t\t\t\t\t\t\t\t\t\t\t\t\t\t\t\t<\/div>\n\t\t\t\t<\/div>\n\t\t\t<\/div>\n\t\t\t\t\t<div\n\t\t\t\tclass=\"flex flex-col overflow-hidden rounded-lg bg-white border border-primary-100\"\n\t\t\t\t\t\t\t>\n\t\t\t\t\t\t\t\t\t<img decoding=\"async\" src=\"https:\/\/adice.asso.fr\/wp-content\/uploads\/2023\/03\/Sans-titre-2.png\" srcset=\"https:\/\/adice.asso.fr\/wp-content\/uploads\/2023\/03\/Sans-titre-2.png 600w, https:\/\/adice.asso.fr\/wp-content\/uploads\/2023\/03\/Sans-titre-2-500x500.png 500w, https:\/\/adice.asso.fr\/wp-content\/uploads\/2023\/03\/Sans-titre-2-250x250.png 250w\" sizes=\"(min-width: 1024px) 25vw, (min-width: 640px) 50vw, 100vw\" alt=\"Erasmus pour Jeunes Entrepreneurs\" class=\"aspect-16\/10 w-full object-cover\" loading=\"lazy\" \/>\n\t\t\t\t\n\t\t\t\t<div class=\"flex flex-1 flex-col p-6\">\n\t\t\t\t\t\t\t\t\t\t\t<div class=\"mb-3 flex flex-wrap gap-2\">\n\t\t\t\t\t\t\t\t\t\t\t\t\t\t<span class=\"rounded-sm border px-2.5 pt-1 pb-0.5 font-opensans text-xs font-bold uppercase tracking-wide border-primary text-primary\">2023-2027<\/span>\t\t\t\t\t\t<\/div>\n\t\t\t\t\t\n\t\t\t\t\t\n\t\t\t\t\t\t\t\t\t\t\t<p class=\"mt-2 font-opensans text-sm text-primary-800\/70\">Accr\u00e9ditation pour le cycle 13 du programme Erasmus pour Jeunes Entrepreneurs<\/p>\n\t\t\t\t\t\n\t\t\t\t\t<div class=\"mt-4\">\n\t\t\t\t\t\t\t\t\t\t\t\t\t\t\t\t\t\t\t\t\t\t\t\t<\/div>\n\t\t\t\t<\/div>\n\t\t\t<\/div>\n\t\t\t\t\t<div\n\t\t\t\tclass=\"flex flex-col overflow-hidden rounded-lg bg-white border border-primary-100\"\n\t\t\t\t\t\t\t>\n\t\t\t\t\t\t\t\t\t<img decoding=\"async\" src=\"https:\/\/adice.asso.fr\/wp-content\/uploads\/2023\/02\/Qualiopi-768x427.png\" srcset=\"https:\/\/adice.asso.fr\/wp-content\/uploads\/2023\/02\/Qualiopi-1024x569.png 1024w, https:\/\/adice.asso.fr\/wp-content\/uploads\/2023\/02\/Qualiopi-500x278.png 500w, https:\/\/adice.asso.fr\/wp-content\/uploads\/2023\/02\/Qualiopi-250x139.png 250w, https:\/\/adice.asso.fr\/wp-content\/uploads\/2023\/02\/Qualiopi-768x427.png 768w, https:\/\/adice.asso.fr\/wp-content\/uploads\/2023\/02\/Qualiopi-600x333.png 600w, https:\/\/adice.asso.fr\/wp-content\/uploads\/2023\/02\/Qualiopi.png 1030w\" sizes=\"(min-width: 1024px) 25vw, (min-width: 640px) 50vw, 100vw\" alt=\"\" class=\"aspect-16\/10 w-full object-cover\" loading=\"lazy\" \/>\n\t\t\t\t\n\t\t\t\t<div class=\"flex flex-1 flex-col p-6\">\n\t\t\t\t\t\t\t\t\t\t\t<div class=\"mb-3 flex flex-wrap gap-2\">\n\t\t\t\t\t\t\t\t\t\t\t\t\t\t<span class=\"rounded-sm border px-2.5 pt-1 pb-0.5 font-opensans text-xs font-bold uppercase tracking-wide border-primary text-primary\">2024 &#8211; 2027<\/span>\t\t\t\t\t\t<\/div>\n\t\t\t\t\t\n\t\t\t\t\t\n\t\t\t\t\t\t\t\t\t\t\t<p class=\"mt-2 font-opensans text-sm text-primary-800\/70\">Certification qualit\u00e9 Qualiopi pour la cat\u00e9gorie d&#039;action : &quot;Actions de Formation&quot;<\/p>\n\t\t\t\t\t\n\t\t\t\t\t<div class=\"mt-4\">\n\t\t\t\t\t\t\t\t\t\t\t\t\t\t\t\t\t\t\t\t\t\t\t\t<\/div>\n\t\t\t\t<\/div>\n\t\t\t<\/div>\n\t\t\t\t\t<div\n\t\t\t\tclass=\"flex flex-col overflow-hidden rounded-lg bg-white border border-primary-100\"\n\t\t\t\t\t\t\t>\n\t\t\t\t\t\t\t\t\t<img decoding=\"async\" src=\"https:\/\/adice.asso.fr\/wp-content\/uploads\/2023\/08\/logo-MEAE-1.png\" alt=\"\" class=\"aspect-16\/10 w-full object-contain\" loading=\"lazy\" \/>\n\t\t\t\t\n\t\t\t\t<div class=\"flex flex-1 flex-col p-6\">\n\t\t\t\t\t\t\t\t\t\t\t<div class=\"mb-3 flex flex-wrap gap-2\">\n\t\t\t\t\t\t\t\t\t\t\t\t\t\t<span class=\"rounded-sm border px-2.5 pt-1 pb-0.5 font-opensans text-xs font-bold uppercase tracking-wide border-primary text-primary\">2023-2026<\/span>\t\t\t\t\t\t<\/div>\n\t\t\t\t\t\n\t\t\t\t\t\n\t\t\t\t\t\t\t\t\t\t\t<p class=\"mt-2 font-opensans text-sm text-primary-800\/70\">Agr\u00e9ment Volontariat de Solidarit\u00e9 Internationale (VSI)<\/p>\n\t\t\t\t\t\n\t\t\t\t\t<div class=\"mt-4\">\n\t\t\t\t\t\t\t\t\t\t\t\t\t\t\t\t\t\t\t\t\t\t\t\t<\/div>\n\t\t\t\t<\/div>\n\t\t\t<\/div>\n\t\t\t<\/div>\n<\/div>\n\t\t\t\t\n\t\t\t\t\t\t\t<\/div>\n\t\t\t<\/div>\n<\/section>\n\n\n<section class=\"not-prose relative overflow-hidden py-12 md:py-52 text-primary-900 bg-white\" >\n\t<img decoding=\"async\" src=\"https:\/\/adice.asso.fr\/wp-content\/themes\/adice\/assets\/imgs\/bg_chemin_blue.svg\" alt=\"\" class=\"pointer-events-none absolute inset-0 h-full w-full select-none object-cover object-bottom \" \/>\t<div class=\"relative mx-auto max-w-384 px-6\">\n\t\t\t\t\t<div class=\"grid gap-x-10 gap-y-8 [grid-template-areas:&#039;intro&#039;_&#039;cards&#039;_&#039;buttons&#039;] md:grid-cols-[320px_1fr] md:items-start md:[grid-template-areas:&#039;intro_cards&#039;_&#039;buttons_cards&#039;]\">\n\t\t\t\t\t\t\t\t\t<div class=\"max-w-md [grid-area:intro]\">\n\t\t\t\t\t\t\t\t\t\t\t\t\t<p class=\"mb-2 font-opensans text-sm font-bold uppercase tracking-wide text-ces\">\u203a Memberships<\/p>\n\t\t\t\t\t\t\t\t\t\t\t\t\t\t\t\t\t\t\t<h2 class=\"font-poppins text-2xl font-bold md:text-3xl text-primary-900\">Community networks<\/h2>\n\t\t\t\t\t\t\t\t\t\t\t\t\t\t\t\t\t\t\t<p class=\"mt-3 font-opensans opacity-80\">ADICE is a member of several organisations and networks.<\/p>\n\t\t\t\t\t\t\t\t\t\t\t<\/div>\n\t\t\t\t\n\t\t\t\t\t\t\t\t\t<div class=\"[grid-area:cards]\">\t<div class=\"grid gap-6 grid-cols-2 sm:grid-cols-3 lg:grid-cols-4\">\n\t\t\t\t\t<div\n\t\t\t\tclass=\"flex flex-col overflow-hidden rounded-lg bg-white border border-primary-100\"\n\t\t\t\t\t\t\t>\n\t\t\t\t\t\t\t\t\t<img decoding=\"async\" src=\"https:\/\/adice.asso.fr\/wp-content\/uploads\/2023\/03\/France-Volontaires-1.webp\" srcset=\"https:\/\/adice.asso.fr\/wp-content\/uploads\/2023\/03\/France-Volontaires-1.webp 400w, https:\/\/adice.asso.fr\/wp-content\/uploads\/2023\/03\/France-Volontaires-1-250x250.webp 250w\" sizes=\"(min-width: 1024px) 25vw, (min-width: 640px) 50vw, 100vw\" alt=\"\" class=\"aspect-16\/10 w-full object-cover\" loading=\"lazy\" \/>\n\t\t\t\t\n\t\t\t\t<div class=\"flex flex-1 flex-col p-6\">\n\t\t\t\t\t\n\t\t\t\t\t\n\t\t\t\t\t\t\t\t\t\t\t<p class=\"mt-2 font-opensans text-sm text-primary-800\/70\">France Volontaires<\/p>\n\t\t\t\t\t\n\t\t\t\t\t<div class=\"mt-4\">\n\t\t\t\t\t\t\t\t\t\t\t\t\t\t\t\t\t\t\t\t\t\t\t\t<\/div>\n\t\t\t\t<\/div>\n\t\t\t<\/div>\n\t\t\t\t\t<div\n\t\t\t\tclass=\"flex flex-col overflow-hidden rounded-lg bg-white border border-primary-100\"\n\t\t\t\t\t\t\t>\n\t\t\t\t\t\t\t\t\t<img decoding=\"async\" src=\"https:\/\/adice.asso.fr\/wp-content\/uploads\/2023\/03\/Collectif-Mentorat.webp\" srcset=\"https:\/\/adice.asso.fr\/wp-content\/uploads\/2023\/03\/Collectif-Mentorat.webp 400w, https:\/\/adice.asso.fr\/wp-content\/uploads\/2023\/03\/Collectif-Mentorat-250x250.webp 250w\" sizes=\"(min-width: 1024px) 25vw, (min-width: 640px) 50vw, 100vw\" alt=\"Collectif Mentorat\" class=\"aspect-16\/10 w-full object-cover\" loading=\"lazy\" \/>\n\t\t\t\t\n\t\t\t\t<div class=\"flex flex-1 flex-col p-6\">\n\t\t\t\t\t\n\t\t\t\t\t\n\t\t\t\t\t\t\t\t\t\t\t<p class=\"mt-2 font-opensans text-sm text-primary-800\/70\">Collectif mentorat<\/p>\n\t\t\t\t\t\n\t\t\t\t\t<div class=\"mt-4\">\n\t\t\t\t\t\t\t\t\t\t\t\t\t\t\t\t\t\t\t\t\t\t\t\t<\/div>\n\t\t\t\t<\/div>\n\t\t\t<\/div>\n\t\t\t\t\t<div\n\t\t\t\tclass=\"flex flex-col overflow-hidden rounded-lg bg-white border border-primary-100\"\n\t\t\t\t\t\t\t>\n\t\t\t\t\t\t\t\t\t<img decoding=\"async\" src=\"https:\/\/adice.asso.fr\/wp-content\/uploads\/2023\/03\/Clong-Volontariat.webp\" srcset=\"https:\/\/adice.asso.fr\/wp-content\/uploads\/2023\/03\/Clong-Volontariat.webp 400w, https:\/\/adice.asso.fr\/wp-content\/uploads\/2023\/03\/Clong-Volontariat-250x250.webp 250w\" sizes=\"(min-width: 1024px) 25vw, (min-width: 640px) 50vw, 100vw\" alt=\"CLONG Volontariat\" class=\"aspect-16\/10 w-full object-cover\" loading=\"lazy\" \/>\n\t\t\t\t\n\t\t\t\t<div class=\"flex flex-1 flex-col p-6\">\n\t\t\t\t\t\n\t\t\t\t\t\n\t\t\t\t\t\t\t\t\t\t\t<p class=\"mt-2 font-opensans text-sm text-primary-800\/70\">CLONG Volontariat<\/p>\n\t\t\t\t\t\n\t\t\t\t\t<div class=\"mt-4\">\n\t\t\t\t\t\t\t\t\t\t\t\t\t\t\t\t\t\t\t\t\t\t\t\t<\/div>\n\t\t\t\t<\/div>\n\t\t\t<\/div>\n\t\t\t\t\t<div\n\t\t\t\tclass=\"flex flex-col overflow-hidden rounded-lg bg-white border border-primary-100\"\n\t\t\t\t\t\t\t>\n\t\t\t\t\t\t\t\t\t<img decoding=\"async\" src=\"https:\/\/adice.asso.fr\/wp-content\/uploads\/2023\/03\/REF-Reseau-Euromed-France.webp\" srcset=\"https:\/\/adice.asso.fr\/wp-content\/uploads\/2023\/03\/REF-Reseau-Euromed-France.webp 400w, https:\/\/adice.asso.fr\/wp-content\/uploads\/2023\/03\/REF-Reseau-Euromed-France-250x250.webp 250w\" sizes=\"(min-width: 1024px) 25vw, (min-width: 640px) 50vw, 100vw\" alt=\"REF - R\u00e9seau Euromed France\" class=\"aspect-16\/10 w-full object-cover\" loading=\"lazy\" \/>\n\t\t\t\t\n\t\t\t\t<div class=\"flex flex-1 flex-col p-6\">\n\t\t\t\t\t\n\t\t\t\t\t\n\t\t\t\t\t\t\t\t\t\t\t<p class=\"mt-2 font-opensans text-sm text-primary-800\/70\">REF &#8211; R\u00e9seau Euromed France<\/p>\n\t\t\t\t\t\n\t\t\t\t\t<div class=\"mt-4\">\n\t\t\t\t\t\t\t\t\t\t\t\t\t\t\t\t\t\t\t\t\t\t\t\t<\/div>\n\t\t\t\t<\/div>\n\t\t\t<\/div>\n\t\t\t\t\t<div\n\t\t\t\tclass=\"flex flex-col overflow-hidden rounded-lg bg-white border border-primary-100\"\n\t\t\t\t\t\t\t>\n\t\t\t\t\t\t\t\t\t<img decoding=\"async\" src=\"https:\/\/adice.asso.fr\/wp-content\/uploads\/2023\/03\/Ready-to-move.png\" srcset=\"https:\/\/adice.asso.fr\/wp-content\/uploads\/2023\/03\/Ready-to-move.png 400w, https:\/\/adice.asso.fr\/wp-content\/uploads\/2023\/03\/Ready-to-move-250x250.png 250w\" sizes=\"(min-width: 1024px) 25vw, (min-width: 640px) 50vw, 100vw\" alt=\"Ready to move\" class=\"aspect-16\/10 w-full object-cover\" loading=\"lazy\" \/>\n\t\t\t\t\n\t\t\t\t<div class=\"flex flex-1 flex-col p-6\">\n\t\t\t\t\t\n\t\t\t\t\t\n\t\t\t\t\t\t\t\t\t\t\t<p class=\"mt-2 font-opensans text-sm text-primary-800\/70\">Ready to Move<\/p>\n\t\t\t\t\t\n\t\t\t\t\t<div class=\"mt-4\">\n\t\t\t\t\t\t\t\t\t\t\t\t\t\t\t\t\t\t\t\t\t\t\t\t<\/div>\n\t\t\t\t<\/div>\n\t\t\t<\/div>\n\t\t\t<\/div>\n<\/div>\n\t\t\t\t\n\t\t\t\t\t\t\t<\/div>\n\t\t\t<\/div>\n<\/section>\n\n\n<section class=\"not-prose relative overflow-hidden py-12 md:py-52 text-primary-900 bg-white\" >\n\t\t<div class=\"relative mx-auto max-w-384 px-6\">\n\t\t\t\t\t\t\t\t\t<div class=\"mb-8 max-w-xl\">\n\t\t\t\t\t\t\t\t\t\t\t<p class=\"mb-2 font-opensans text-sm font-bold uppercase tracking-wide text-ces\">\u203a Support<\/p>\n\t\t\t\t\t\t\t\t\t\t\t\t\t\t\t\t<h2 class=\"font-poppins text-2xl font-bold md:text-3xl text-primary-900\">Institutional partners<\/h2>\n\t\t\t\t\t\t\t\t\t\t\t\t\t\t\t\t\t\t\t<\/div>\n\t\t\t\n\t\t\t\t<div class=\"grid gap-6 grid-cols-2 sm:grid-cols-3 lg:grid-cols-5\">\n\t\t\t\t\t<div\n\t\t\t\tclass=\"flex flex-col overflow-hidden rounded-lg bg-white border border-primary-100\"\n\t\t\t\t\t\t\t>\n\t\t\t\t\t\t\t\t\t<img decoding=\"async\" src=\"https:\/\/adice.asso.fr\/wp-content\/uploads\/2023\/03\/Roubaix.png\" srcset=\"https:\/\/adice.asso.fr\/wp-content\/uploads\/2023\/03\/Roubaix.png 400w, https:\/\/adice.asso.fr\/wp-content\/uploads\/2023\/03\/Roubaix-250x250.png 250w\" sizes=\"(min-width: 1024px) 25vw, (min-width: 640px) 50vw, 100vw\" alt=\"Ville de Roubaix\" class=\"aspect-16\/10 w-full object-cover\" loading=\"lazy\" \/>\n\t\t\t\t\n\t\t\t\t<div class=\"flex flex-1 flex-col p-6\">\n\t\t\t\t\t\n\t\t\t\t\t\n\t\t\t\t\t\t\t\t\t\t\t<p class=\"mt-2 font-opensans text-sm text-primary-800\/70\">Ville de Roubaix<\/p>\n\t\t\t\t\t\n\t\t\t\t\t<div class=\"mt-4\">\n\t\t\t\t\t\t\t\t\t\t\t\t\t\t\t\t\t\t\t\t\t\t\t\t<\/div>\n\t\t\t\t<\/div>\n\t\t\t<\/div>\n\t\t\t\t\t<div\n\t\t\t\tclass=\"flex flex-col overflow-hidden rounded-lg bg-white border border-primary-100\"\n\t\t\t\t\t\t\t>\n\t\t\t\t\t\t\t\t\t<img decoding=\"async\" src=\"https:\/\/adice.asso.fr\/wp-content\/uploads\/2023\/03\/MEL.png\" srcset=\"https:\/\/adice.asso.fr\/wp-content\/uploads\/2023\/03\/MEL.png 400w, https:\/\/adice.asso.fr\/wp-content\/uploads\/2023\/03\/MEL-250x250.png 250w\" sizes=\"(min-width: 1024px) 25vw, (min-width: 640px) 50vw, 100vw\" alt=\"MEL\" class=\"aspect-16\/10 w-full object-cover\" loading=\"lazy\" \/>\n\t\t\t\t\n\t\t\t\t<div class=\"flex flex-1 flex-col p-6\">\n\t\t\t\t\t\n\t\t\t\t\t\n\t\t\t\t\t\t\t\t\t\t\t<p class=\"mt-2 font-opensans text-sm text-primary-800\/70\">MEL<\/p>\n\t\t\t\t\t\n\t\t\t\t\t<div class=\"mt-4\">\n\t\t\t\t\t\t\t\t\t\t\t\t\t\t\t\t\t\t\t\t\t\t\t\t<\/div>\n\t\t\t\t<\/div>\n\t\t\t<\/div>\n\t\t\t\t\t<div\n\t\t\t\tclass=\"flex flex-col overflow-hidden rounded-lg bg-white border border-primary-100\"\n\t\t\t\t\t\t\t>\n\t\t\t\t\n\t\t\t\t<div class=\"flex flex-1 flex-col p-6\">\n\t\t\t\t\t\n\t\t\t\t\t\n\t\t\t\t\t\n\t\t\t\t\t<div class=\"mt-4\">\n\t\t\t\t\t\t\t\t\t\t\t\t\t\t\t\t\t\t\t\t\t\t\t\t<\/div>\n\t\t\t\t<\/div>\n\t\t\t<\/div>\n\t\t\t<\/div>\n\t\t\t<\/div>\n<\/section>\n","protected":false},"excerpt":{"rendered":"","protected":false},"author":7,"featured_media":10723,"parent":10573,"menu_order":13,"comment_status":"closed","ping_status":"closed","template":"","meta":{"_acf_changed":false,"_locale":"en_GB","_original_post":"https:\/\/adice.asso.fr\/?page_id=10194","footnotes":""},"class_list":["post-10804","page","type-page","status-publish","has-post-thumbnail","hentry","en-GB"],"acf":[],"_links":{"self":[{"href":"https:\/\/adice.asso.fr\/wp-json\/wp\/v2\/pages\/10804","targetHints":{"allow":["GET"]}}],"collection":[{"href":"https:\/\/adice.asso.fr\/wp-json\/wp\/v2\/pages"}],"about":[{"href":"https:\/\/adice.asso.fr\/wp-json\/wp\/v2\/types\/page"}],"author":[{"embeddable":true,"href":"https:\/\/adice.asso.fr\/wp-json\/wp\/v2\/users\/7"}],"replies":[{"embeddable":true,"href":"https:\/\/adice.asso.fr\/wp-json\/wp\/v2\/comments?post=10804"}],"version-history":[{"count":3,"href":"https:\/\/adice.asso.fr\/wp-json\/wp\/v2\/pages\/10804\/revisions"}],"predecessor-version":[{"id":15850,"href":"https:\/\/adice.asso.fr\/wp-json\/wp\/v2\/pages\/10804\/revisions\/15850"}],"up":[{"embeddable":true,"href":"https:\/\/adice.asso.fr\/wp-json\/wp\/v2\/pages\/10573"}],"wp:featuredmedia":[{"embeddable":true,"href":"https:\/\/adice.asso.fr\/wp-json\/wp\/v2\/media\/10723"}],"wp:attachment":[{"href":"https:\/\/adice.asso.fr\/wp-json\/wp\/v2\/media?parent=10804"}],"curies":[{"name":"wp","href":"https:\/\/api.w.org\/{rel}","templated":true}]}}